{"id":49,"date":"2025-05-27T14:43:17","date_gmt":"2025-05-27T12:43:17","guid":{"rendered":"https:\/\/www.alinechague.fr\/?page_id=49"},"modified":"2025-07-02T15:11:22","modified_gmt":"2025-07-02T13:11:22","slug":"accompagnements-psychotherapie-besancon","status":"publish","type":"page","link":"https:\/\/www.alinechague.fr\/index.php\/accompagnements-psychotherapie-besancon\/","title":{"rendered":"Mes accompagnements th\u00e9rapeutiques \u00e0 Besan\u00e7on"},"content":{"rendered":"\t\t<div data-elementor-type=\"wp-page\" data-elementor-id=\"49\" class=\"elementor elementor-49\">\n\t\t\t\t<div class=\"elementor-element elementor-element-fc73b00 e-flex e-con-boxed e-con e-parent\" data-id=\"fc73b00\" data-element_type=\"container\" data-e-type=\"container\">\n\t\t\t\t\t<div class=\"e-con-inner\">\n\t\t\t\t<div class=\"elementor-element elementor-element-8ac543c elementor-widget-divider--separator-type-pattern elementor-widget-divider--view-line elementor-widget elementor-widget-divider\" data-id=\"8ac543c\" data-element_type=\"widget\" data-e-type=\"widget\" data-widget_type=\"divider.default\">\n\t\t\t\t<div class=\"elementor-widget-container\">\n\t\t\t\t\t\t\t<div class=\"elementor-divider\" style=\"--divider-pattern-url: url(&quot;data:image\/svg+xml,%3Csvg xmlns=&#039;http:\/\/www.w3.org\/2000\/svg&#039; preserveAspectRatio=&#039;none&#039; overflow=&#039;visible&#039; height=&#039;100%&#039; viewBox=&#039;0 0 24 24&#039; fill=&#039;black&#039; stroke=&#039;none&#039;%3E%3Cpath d=&#039;M12.7,2.3c-0.4-0.4-1.1-0.4-1.5,0l-8,9.1c-0.3,0.4-0.3,0.9,0,1.2l8,9.1c0.4,0.4,1.1,0.4,1.5,0l8-9.1c0.3-0.4,0.3-0.9,0-1.2L12.7,2.3z&#039;\/%3E%3C\/svg%3E&quot;);\">\n\t\t\t<span class=\"elementor-divider-separator\">\n\t\t\t\t\t\t<\/span>\n\t\t<\/div>\n\t\t\t\t\t\t<\/div>\n\t\t\t\t<\/div>\n\t\t\t\t\t<\/div>\n\t\t\t\t<\/div>\n\t\t<div class=\"elementor-element elementor-element-8f1f2d2 e-flex e-con-boxed e-con e-parent\" data-id=\"8f1f2d2\" data-element_type=\"container\" data-e-type=\"container\">\n\t\t\t\t\t<div class=\"e-con-inner\">\n\t\t\t\t<div class=\"elementor-element elementor-element-474a2e6 elementor-widget elementor-widget-heading\" data-id=\"474a2e6\" data-element_type=\"widget\" data-e-type=\"widget\" data-widget_type=\"heading.default\">\n\t\t\t\t<div class=\"elementor-widget-container\">\n\t\t\t\t\t<h2 class=\"elementor-heading-title elementor-size-default\">Pour quels probl\u00e8mes, g\u00eanes ou troubles pouvez-vous me consulter ?<\/h2>\t\t\t\t<\/div>\n\t\t\t\t<\/div>\n\t\t\t\t\t<\/div>\n\t\t\t\t<\/div>\n\t\t<div class=\"elementor-element elementor-element-daa2a5c e-flex e-con-boxed e-con e-parent\" data-id=\"daa2a5c\" data-element_type=\"container\" data-e-type=\"container\">\n\t\t\t\t\t<div class=\"e-con-inner\">\n\t\t\t\t<div class=\"elementor-element elementor-element-b1ef37a elementor-widget elementor-widget-text-editor\" data-id=\"b1ef37a\" data-element_type=\"widget\" data-e-type=\"widget\" data-widget_type=\"text-editor.default\">\n\t\t\t\t<div class=\"elementor-widget-container\">\n\t\t\t\t\t\t\t\t\t<p>Syndrome anxio-d\u00e9pressif, addictions, passages de vie difficiles. Vous avez besoin d&#8217;aide et d&#8217;\u00e9coute pour modifier un comportement, une consommation ou pour traverser une p\u00e9riode compliqu\u00e9e, vous trouverez un soutien aupres de moi que ce soit dans l&#8217;attente d&#8217;un rendez-vous m\u00e9dical ou psychologique, ou en compl\u00e9ments de ceux-ci.<\/p>\t\t\t\t\t\t\t\t<\/div>\n\t\t\t\t<\/div>\n\t\t\t\t\t<\/div>\n\t\t\t\t<\/div>\n\t\t<div class=\"elementor-element elementor-element-f25f297 e-flex e-con-boxed e-con e-parent\" data-id=\"f25f297\" data-element_type=\"container\" data-e-type=\"container\">\n\t\t\t\t\t<div class=\"e-con-inner\">\n\t\t\t\t<div class=\"elementor-element elementor-element-698c8c4 elementor-widget elementor-widget-heading\" data-id=\"698c8c4\" data-element_type=\"widget\" data-e-type=\"widget\" data-widget_type=\"heading.default\">\n\t\t\t\t<div class=\"elementor-widget-container\">\n\t\t\t\t\t<h2 class=\"elementor-heading-title elementor-size-default\">Mes principaux domaines d'accompagnement :<\/h2>\t\t\t\t<\/div>\n\t\t\t\t<\/div>\n\t\t\t\t\t<\/div>\n\t\t\t\t<\/div>\n\t\t<div class=\"elementor-element elementor-element-5d1efaf e-flex e-con-boxed e-con e-parent\" data-id=\"5d1efaf\" data-element_type=\"container\" data-e-type=\"container\">\n\t\t\t\t\t<div class=\"e-con-inner\">\n\t\t<div class=\"elementor-element elementor-element-b237e2f e-con-full e-flex e-con e-child\" data-id=\"b237e2f\" data-element_type=\"container\" data-e-type=\"container\">\n\t\t\t\t<div class=\"elementor-element elementor-element-61d79f1 elementor-widget elementor-widget-image\" data-id=\"61d79f1\" data-element_type=\"widget\" data-e-type=\"widget\" data-widget_type=\"image.default\">\n\t\t\t\t<div class=\"elementor-widget-container\">\n\t\t\t\t\t\t\t\t\t\t\t\t<figure class=\"wp-caption\">\n\t\t\t\t\t\t\t\t\t\t\t<a href=\"https:\/\/www.alinechague.fr\/index.php\/therapie-depression-anxiete-besancon\/\" target=\"_blank\">\n\t\t\t\t\t\t\t<img decoding=\"async\" width=\"150\" height=\"150\" src=\"https:\/\/www.alinechague.fr\/wp-content\/uploads\/2025\/06\/mal-etre-depression-psychopraticienne-franche-comte-150x150.png\" class=\"attachment-thumbnail size-thumbnail wp-image-483\" alt=\"Ic\u00f4ne repr\u00e9sentant une personne recroquevill\u00e9e, symbole des troubles d\u00e9pressifs\" \/>\t\t\t\t\t\t\t\t<\/a>\n\t\t\t\t\t\t\t\t\t\t\t<figcaption class=\"widget-image-caption wp-caption-text\">Troubles d\u00e9pressifs<\/figcaption>\n\t\t\t\t\t\t\t\t\t\t<\/figure>\n\t\t\t\t\t\t\t\t\t<\/div>\n\t\t\t\t<\/div>\n\t\t\t\t<\/div>\n\t\t<div class=\"elementor-element elementor-element-decf5c1 e-con-full e-flex e-con e-child\" data-id=\"decf5c1\" data-element_type=\"container\" data-e-type=\"container\">\n\t\t\t\t<div class=\"elementor-element elementor-element-f0a5a09 elementor-widget elementor-widget-image\" data-id=\"f0a5a09\" data-element_type=\"widget\" data-e-type=\"widget\" data-widget_type=\"image.default\">\n\t\t\t\t<div class=\"elementor-widget-container\">\n\t\t\t\t\t\t\t\t\t\t\t\t<figure class=\"wp-caption\">\n\t\t\t\t\t\t\t\t\t\t\t<a href=\"https:\/\/www.alinechague.fr\/index.php\/therapie-depression-anxiete-besancon\/\" target=\"_blank\">\n\t\t\t\t\t\t\t<img decoding=\"async\" width=\"150\" height=\"150\" src=\"https:\/\/www.alinechague.fr\/wp-content\/uploads\/2025\/06\/gestion-emotions-psychotherapie-150x150.png\" class=\"attachment-thumbnail size-thumbnail wp-image-482\" alt=\"Illustration d\u2019un cerveau en questionnement entour\u00e9 d\u2019\u00e9motic\u00f4nes, repr\u00e9sentant un trouble anxieux\" \/>\t\t\t\t\t\t\t\t<\/a>\n\t\t\t\t\t\t\t\t\t\t\t<figcaption class=\"widget-image-caption wp-caption-text\">Trouble anxieux<\/figcaption>\n\t\t\t\t\t\t\t\t\t\t<\/figure>\n\t\t\t\t\t\t\t\t\t<\/div>\n\t\t\t\t<\/div>\n\t\t\t\t<\/div>\n\t\t<div class=\"elementor-element elementor-element-75e808b e-con-full e-flex e-con e-child\" data-id=\"75e808b\" data-element_type=\"container\" data-e-type=\"container\">\n\t\t\t\t<div class=\"elementor-element elementor-element-b5f7d06 elementor-widget elementor-widget-image\" data-id=\"b5f7d06\" data-element_type=\"widget\" data-e-type=\"widget\" data-widget_type=\"image.default\">\n\t\t\t\t<div class=\"elementor-widget-container\">\n\t\t\t\t\t\t\t\t\t\t\t\t<figure class=\"wp-caption\">\n\t\t\t\t\t\t\t\t\t\t\t<a href=\"https:\/\/www.alinechague.fr\/index.php\/accompagnement-addiction-comportement-besancon\/\" target=\"_blank\">\n\t\t\t\t\t\t\t<img decoding=\"async\" width=\"150\" height=\"150\" src=\"https:\/\/www.alinechague.fr\/wp-content\/uploads\/2025\/06\/troubles-addictions-accompagnement-therapie-150x150.png\" class=\"attachment-thumbnail size-thumbnail wp-image-484\" alt=\"Illustration d\u2019un cerveau symbolisant les diff\u00e9rentes formes d\u2019addictions accompagn\u00e9es en th\u00e9rapie\" \/>\t\t\t\t\t\t\t\t<\/a>\n\t\t\t\t\t\t\t\t\t\t\t<figcaption class=\"widget-image-caption wp-caption-text\">Consommation excessive<\/figcaption>\n\t\t\t\t\t\t\t\t\t\t<\/figure>\n\t\t\t\t\t\t\t\t\t<\/div>\n\t\t\t\t<\/div>\n\t\t\t\t<\/div>\n\t\t\t\t\t<\/div>\n\t\t\t\t<\/div>\n\t\t<div class=\"elementor-element elementor-element-c29be60 e-flex e-con-boxed e-con e-parent\" data-id=\"c29be60\" data-element_type=\"container\" data-e-type=\"container\">\n\t\t\t\t\t<div class=\"e-con-inner\">\n\t\t\t\t<div class=\"elementor-element elementor-element-f79d271 elementor-widget elementor-widget-text-editor\" data-id=\"f79d271\" data-element_type=\"widget\" data-e-type=\"widget\" data-widget_type=\"text-editor.default\">\n\t\t\t\t<div class=\"elementor-widget-container\">\n\t\t\t\t\t\t\t\t\t<h3>Quels b\u00e9n\u00e9fices en attendre?<\/h3><p>Je vous propose des entretiens d&#8217;aide et de soutien, une \u00e9coute attentive et un accueil inconditionnel, une absence de jugement et un accompagnement dans ce que vous souhaitez modifier dans votre vie, ou pour vous soutenir dans vos difficult\u00e9s.<\/p>\t\t\t\t\t\t\t\t<\/div>\n\t\t\t\t<\/div>\n\t\t\t\t\t<\/div>\n\t\t\t\t<\/div>\n\t\t<div class=\"elementor-element elementor-element-210b8b1 e-flex e-con-boxed e-con e-parent\" data-id=\"210b8b1\" data-element_type=\"container\" data-e-type=\"container\">\n\t\t\t\t\t<div class=\"e-con-inner\">\n\t\t\t\t<div class=\"elementor-element elementor-element-93ae10e elementor-widget elementor-widget-heading\" data-id=\"93ae10e\" data-element_type=\"widget\" data-e-type=\"widget\" data-widget_type=\"heading.default\">\n\t\t\t\t<div class=\"elementor-widget-container\">\n\t\t\t\t\t<h3 class=\"elementor-heading-title elementor-size-default\">Faire un pas vers soi, c'est ouvrir la porte du mieux-\u00eatre<\/h3>\t\t\t\t<\/div>\n\t\t\t\t<\/div>\n\t\t\t\t\t<\/div>\n\t\t\t\t<\/div>\n\t\t\t\t<\/div>\n\t\t","protected":false},"excerpt":{"rendered":"<p>Pour quels probl\u00e8mes, g\u00eanes ou troubles pouvez-vous me consulter ? Syndrome anxio-d\u00e9pressif, addictions, passages de vie difficiles. Vous avez besoin d&#8217;aide et d&#8217;\u00e9coute pour&#8230;<\/p>\n","protected":false},"author":1,"featured_media":0,"parent":0,"menu_order":0,"comment_status":"closed","ping_status":"closed","template":"","meta":{"footnotes":""},"class_list":["post-49","page","type-page","status-publish","hentry"],"yoast_head":"<!-- This site is optimized with the Yoast SEO plugin v27.2 - https:\/\/yoast.com\/product\/yoast-seo-wordpress\/ -->\n<title>Mes accompagnements th\u00e9rapeutiques \u00e0 Besan\u00e7on - Aline Chagu\u00e9<\/title>\n<meta name=\"description\" content=\"D\u00e9couvrez les accompagnements propos\u00e9s par Aline Chagu\u00e9, psychopraticienne \u00e0 Besan\u00e7on : anxi\u00e9t\u00e9, d\u00e9pression, addictions, TCC et mieux-\u00eatre \u00e9motionnel.\" \/>\n<meta name=\"robots\" content=\"index, follow, max-snippet:-1, max-image-preview:large, max-video-preview:-1\" \/>\n<link rel=\"canonical\" href=\"https:\/\/www.alinechague.fr\/index.php\/accompagnements-psychotherapie-besancon\/\" \/>\n<meta property=\"og:locale\" content=\"en_US\" \/>\n<meta property=\"og:type\" content=\"article\" \/>\n<meta property=\"og:title\" content=\"Mes accompagnements th\u00e9rapeutiques \u00e0 Besan\u00e7on - Aline Chagu\u00e9\" \/>\n<meta property=\"og:description\" content=\"D\u00e9couvrez les accompagnements propos\u00e9s par Aline Chagu\u00e9, psychopraticienne \u00e0 Besan\u00e7on : anxi\u00e9t\u00e9, d\u00e9pression, addictions, TCC et mieux-\u00eatre \u00e9motionnel.\" \/>\n<meta property=\"og:url\" content=\"https:\/\/www.alinechague.fr\/index.php\/accompagnements-psychotherapie-besancon\/\" \/>\n<meta property=\"og:site_name\" content=\"Aline Chagu\u00e9\" \/>\n<meta property=\"article:modified_time\" content=\"2025-07-02T13:11:22+00:00\" \/>\n<meta property=\"og:image\" content=\"http:\/\/www.alinechague.fr\/wp-content\/uploads\/2025\/06\/mal-etre-depression-psychopraticienne-franche-comte-150x150.png\" \/>\n<meta name=\"twitter:card\" content=\"summary_large_image\" \/>\n<meta name=\"twitter:label1\" content=\"Est. reading time\" \/>\n\t<meta name=\"twitter:data1\" content=\"2 minutes\" \/>\n<script type=\"application\/ld+json\" class=\"yoast-schema-graph\">{\"@context\":\"https:\/\/schema.org\",\"@graph\":[{\"@type\":\"WebPage\",\"@id\":\"https:\/\/www.alinechague.fr\/index.php\/accompagnements-psychotherapie-besancon\/\",\"url\":\"https:\/\/www.alinechague.fr\/index.php\/accompagnements-psychotherapie-besancon\/\",\"name\":\"Mes accompagnements th\u00e9rapeutiques \u00e0 Besan\u00e7on - Aline Chagu\u00e9\",\"isPartOf\":{\"@id\":\"https:\/\/www.alinechague.fr\/#website\"},\"primaryImageOfPage\":{\"@id\":\"https:\/\/www.alinechague.fr\/index.php\/accompagnements-psychotherapie-besancon\/#primaryimage\"},\"image\":{\"@id\":\"https:\/\/www.alinechague.fr\/index.php\/accompagnements-psychotherapie-besancon\/#primaryimage\"},\"thumbnailUrl\":\"http:\/\/www.alinechague.fr\/wp-content\/uploads\/2025\/06\/mal-etre-depression-psychopraticienne-franche-comte-150x150.png\",\"datePublished\":\"2025-05-27T12:43:17+00:00\",\"dateModified\":\"2025-07-02T13:11:22+00:00\",\"description\":\"D\u00e9couvrez les accompagnements propos\u00e9s par Aline Chagu\u00e9, psychopraticienne \u00e0 Besan\u00e7on : anxi\u00e9t\u00e9, d\u00e9pression, addictions, TCC et mieux-\u00eatre \u00e9motionnel.\",\"breadcrumb\":{\"@id\":\"https:\/\/www.alinechague.fr\/index.php\/accompagnements-psychotherapie-besancon\/#breadcrumb\"},\"inLanguage\":\"en-US\",\"potentialAction\":[{\"@type\":\"ReadAction\",\"target\":[\"https:\/\/www.alinechague.fr\/index.php\/accompagnements-psychotherapie-besancon\/\"]}]},{\"@type\":\"ImageObject\",\"inLanguage\":\"en-US\",\"@id\":\"https:\/\/www.alinechague.fr\/index.php\/accompagnements-psychotherapie-besancon\/#primaryimage\",\"url\":\"https:\/\/www.alinechague.fr\/wp-content\/uploads\/2025\/06\/mal-etre-depression-psychopraticienne-franche-comte.png\",\"contentUrl\":\"https:\/\/www.alinechague.fr\/wp-content\/uploads\/2025\/06\/mal-etre-depression-psychopraticienne-franche-comte.png\",\"width\":1149,\"height\":1005,\"caption\":\"Illustration des troubles d\u00e9pressifs et soutien th\u00e9rapeutique sans jugement\"},{\"@type\":\"BreadcrumbList\",\"@id\":\"https:\/\/www.alinechague.fr\/index.php\/accompagnements-psychotherapie-besancon\/#breadcrumb\",\"itemListElement\":[{\"@type\":\"ListItem\",\"position\":1,\"name\":\"Accueil\",\"item\":\"https:\/\/www.alinechague.fr\/\"},{\"@type\":\"ListItem\",\"position\":2,\"name\":\"Mes accompagnements th\u00e9rapeutiques \u00e0 Besan\u00e7on\"}]},{\"@type\":\"WebSite\",\"@id\":\"https:\/\/www.alinechague.fr\/#website\",\"url\":\"https:\/\/www.alinechague.fr\/\",\"name\":\"Aline Chagu\u00e9 - Psychopraticienne \u00e0 Besan\u00e7on\",\"description\":\"Psychopraticienne\",\"publisher\":{\"@id\":\"https:\/\/www.alinechague.fr\/#\/schema\/person\/30b5e4312cd21710a358ee2f45152f73\"},\"potentialAction\":[{\"@type\":\"SearchAction\",\"target\":{\"@type\":\"EntryPoint\",\"urlTemplate\":\"https:\/\/www.alinechague.fr\/?s={search_term_string}\"},\"query-input\":{\"@type\":\"PropertyValueSpecification\",\"valueRequired\":true,\"valueName\":\"search_term_string\"}}],\"inLanguage\":\"en-US\"},{\"@type\":[\"Person\",\"Organization\"],\"@id\":\"https:\/\/www.alinechague.fr\/#\/schema\/person\/30b5e4312cd21710a358ee2f45152f73\",\"name\":\"admin6596\",\"image\":{\"@type\":\"ImageObject\",\"inLanguage\":\"en-US\",\"@id\":\"https:\/\/www.alinechague.fr\/wp-content\/uploads\/2025\/05\/cropped-Logo-noir.png\",\"url\":\"https:\/\/www.alinechague.fr\/wp-content\/uploads\/2025\/05\/cropped-Logo-noir.png\",\"contentUrl\":\"https:\/\/www.alinechague.fr\/wp-content\/uploads\/2025\/05\/cropped-Logo-noir.png\",\"width\":512,\"height\":512,\"caption\":\"admin6596\"},\"logo\":{\"@id\":\"https:\/\/www.alinechague.fr\/wp-content\/uploads\/2025\/05\/cropped-Logo-noir.png\"},\"sameAs\":[\"http:\/\/www.alinechague.fr\"]}]}<\/script>\n<!-- \/ Yoast SEO plugin. -->","yoast_head_json":{"title":"Mes accompagnements th\u00e9rapeutiques \u00e0 Besan\u00e7on - Aline Chagu\u00e9","description":"D\u00e9couvrez les accompagnements propos\u00e9s par Aline Chagu\u00e9, psychopraticienne \u00e0 Besan\u00e7on : anxi\u00e9t\u00e9, d\u00e9pression, addictions, TCC et mieux-\u00eatre \u00e9motionnel.","robots":{"index":"index","follow":"follow","max-snippet":"max-snippet:-1","max-image-preview":"max-image-preview:large","max-video-preview":"max-video-preview:-1"},"canonical":"https:\/\/www.alinechague.fr\/index.php\/accompagnements-psychotherapie-besancon\/","og_locale":"en_US","og_type":"article","og_title":"Mes accompagnements th\u00e9rapeutiques \u00e0 Besan\u00e7on - Aline Chagu\u00e9","og_description":"D\u00e9couvrez les accompagnements propos\u00e9s par Aline Chagu\u00e9, psychopraticienne \u00e0 Besan\u00e7on : anxi\u00e9t\u00e9, d\u00e9pression, addictions, TCC et mieux-\u00eatre \u00e9motionnel.","og_url":"https:\/\/www.alinechague.fr\/index.php\/accompagnements-psychotherapie-besancon\/","og_site_name":"Aline Chagu\u00e9","article_modified_time":"2025-07-02T13:11:22+00:00","og_image":[{"url":"http:\/\/www.alinechague.fr\/wp-content\/uploads\/2025\/06\/mal-etre-depression-psychopraticienne-franche-comte-150x150.png","type":"","width":"","height":""}],"twitter_card":"summary_large_image","twitter_misc":{"Est. reading time":"2 minutes"},"schema":{"@context":"https:\/\/schema.org","@graph":[{"@type":"WebPage","@id":"https:\/\/www.alinechague.fr\/index.php\/accompagnements-psychotherapie-besancon\/","url":"https:\/\/www.alinechague.fr\/index.php\/accompagnements-psychotherapie-besancon\/","name":"Mes accompagnements th\u00e9rapeutiques \u00e0 Besan\u00e7on - Aline Chagu\u00e9","isPartOf":{"@id":"https:\/\/www.alinechague.fr\/#website"},"primaryImageOfPage":{"@id":"https:\/\/www.alinechague.fr\/index.php\/accompagnements-psychotherapie-besancon\/#primaryimage"},"image":{"@id":"https:\/\/www.alinechague.fr\/index.php\/accompagnements-psychotherapie-besancon\/#primaryimage"},"thumbnailUrl":"http:\/\/www.alinechague.fr\/wp-content\/uploads\/2025\/06\/mal-etre-depression-psychopraticienne-franche-comte-150x150.png","datePublished":"2025-05-27T12:43:17+00:00","dateModified":"2025-07-02T13:11:22+00:00","description":"D\u00e9couvrez les accompagnements propos\u00e9s par Aline Chagu\u00e9, psychopraticienne \u00e0 Besan\u00e7on : anxi\u00e9t\u00e9, d\u00e9pression, addictions, TCC et mieux-\u00eatre \u00e9motionnel.","breadcrumb":{"@id":"https:\/\/www.alinechague.fr\/index.php\/accompagnements-psychotherapie-besancon\/#breadcrumb"},"inLanguage":"en-US","potentialAction":[{"@type":"ReadAction","target":["https:\/\/www.alinechague.fr\/index.php\/accompagnements-psychotherapie-besancon\/"]}]},{"@type":"ImageObject","inLanguage":"en-US","@id":"https:\/\/www.alinechague.fr\/index.php\/accompagnements-psychotherapie-besancon\/#primaryimage","url":"https:\/\/www.alinechague.fr\/wp-content\/uploads\/2025\/06\/mal-etre-depression-psychopraticienne-franche-comte.png","contentUrl":"https:\/\/www.alinechague.fr\/wp-content\/uploads\/2025\/06\/mal-etre-depression-psychopraticienne-franche-comte.png","width":1149,"height":1005,"caption":"Illustration des troubles d\u00e9pressifs et soutien th\u00e9rapeutique sans jugement"},{"@type":"BreadcrumbList","@id":"https:\/\/www.alinechague.fr\/index.php\/accompagnements-psychotherapie-besancon\/#breadcrumb","itemListElement":[{"@type":"ListItem","position":1,"name":"Accueil","item":"https:\/\/www.alinechague.fr\/"},{"@type":"ListItem","position":2,"name":"Mes accompagnements th\u00e9rapeutiques \u00e0 Besan\u00e7on"}]},{"@type":"WebSite","@id":"https:\/\/www.alinechague.fr\/#website","url":"https:\/\/www.alinechague.fr\/","name":"Aline Chagu\u00e9 - Psychopraticienne \u00e0 Besan\u00e7on","description":"Psychopraticienne","publisher":{"@id":"https:\/\/www.alinechague.fr\/#\/schema\/person\/30b5e4312cd21710a358ee2f45152f73"},"potentialAction":[{"@type":"SearchAction","target":{"@type":"EntryPoint","urlTemplate":"https:\/\/www.alinechague.fr\/?s={search_term_string}"},"query-input":{"@type":"PropertyValueSpecification","valueRequired":true,"valueName":"search_term_string"}}],"inLanguage":"en-US"},{"@type":["Person","Organization"],"@id":"https:\/\/www.alinechague.fr\/#\/schema\/person\/30b5e4312cd21710a358ee2f45152f73","name":"admin6596","image":{"@type":"ImageObject","inLanguage":"en-US","@id":"https:\/\/www.alinechague.fr\/wp-content\/uploads\/2025\/05\/cropped-Logo-noir.png","url":"https:\/\/www.alinechague.fr\/wp-content\/uploads\/2025\/05\/cropped-Logo-noir.png","contentUrl":"https:\/\/www.alinechague.fr\/wp-content\/uploads\/2025\/05\/cropped-Logo-noir.png","width":512,"height":512,"caption":"admin6596"},"logo":{"@id":"https:\/\/www.alinechague.fr\/wp-content\/uploads\/2025\/05\/cropped-Logo-noir.png"},"sameAs":["http:\/\/www.alinechague.fr"]}]}},"jetpack_sharing_enabled":true,"_links":{"self":[{"href":"https:\/\/www.alinechague.fr\/index.php\/wp-json\/wp\/v2\/pages\/49","targetHints":{"allow":["GET"]}}],"collection":[{"href":"https:\/\/www.alinechague.fr\/index.php\/wp-json\/wp\/v2\/pages"}],"about":[{"href":"https:\/\/www.alinechague.fr\/index.php\/wp-json\/wp\/v2\/types\/page"}],"author":[{"embeddable":true,"href":"https:\/\/www.alinechague.fr\/index.php\/wp-json\/wp\/v2\/users\/1"}],"replies":[{"embeddable":true,"href":"https:\/\/www.alinechague.fr\/index.php\/wp-json\/wp\/v2\/comments?post=49"}],"version-history":[{"count":17,"href":"https:\/\/www.alinechague.fr\/index.php\/wp-json\/wp\/v2\/pages\/49\/revisions"}],"predecessor-version":[{"id":590,"href":"https:\/\/www.alinechague.fr\/index.php\/wp-json\/wp\/v2\/pages\/49\/revisions\/590"}],"wp:attachment":[{"href":"https:\/\/www.alinechague.fr\/index.php\/wp-json\/wp\/v2\/media?parent=49"}],"curies":[{"name":"wp","href":"https:\/\/api.w.org\/{rel}","templated":true}]}}