{"id":51,"date":"2025-05-27T14:43:43","date_gmt":"2025-05-27T12:43:43","guid":{"rendered":"https:\/\/www.alinechague.fr\/?page_id=51"},"modified":"2025-07-04T12:19:35","modified_gmt":"2025-07-04T10:19:35","slug":"therapie-depression-anxiete-besancon","status":"publish","type":"page","link":"https:\/\/www.alinechague.fr\/index.php\/therapie-depression-anxiete-besancon\/","title":{"rendered":"Th\u00e9rapie pour l\u2019anxi\u00e9t\u00e9 et la d\u00e9pression \u00e0 Besan\u00e7on"},"content":{"rendered":"\t\t<div data-elementor-type=\"wp-page\" data-elementor-id=\"51\" class=\"elementor elementor-51\">\n\t\t\t\t<div class=\"elementor-element elementor-element-e4744be e-flex e-con-boxed e-con e-parent\" data-id=\"e4744be\" data-element_type=\"container\" data-e-type=\"container\">\n\t\t\t\t\t<div class=\"e-con-inner\">\n\t\t\t\t<div class=\"elementor-element elementor-element-7a9397b elementor-widget elementor-widget-text-editor\" data-id=\"7a9397b\" data-element_type=\"widget\" data-e-type=\"widget\" data-widget_type=\"text-editor.default\">\n\t\t\t\t<div class=\"elementor-widget-container\">\n\t\t\t\t\t\t\t\t\t<h2><strong>La d\u00e9pression, c&#8217;est quoi exactement ?<\/strong><\/h2>\t\t\t\t\t\t\t\t<\/div>\n\t\t\t\t<\/div>\n\t\t\t\t\t<\/div>\n\t\t\t\t<\/div>\n\t\t<div class=\"elementor-element elementor-element-2ae7fef e-flex e-con-boxed e-con e-parent\" data-id=\"2ae7fef\" data-element_type=\"container\" data-e-type=\"container\">\n\t\t\t\t\t<div class=\"e-con-inner\">\n\t\t\t\t<div class=\"elementor-element elementor-element-7674a70 elementor-widget elementor-widget-heading\" data-id=\"7674a70\" data-element_type=\"widget\" data-e-type=\"widget\" data-widget_type=\"heading.default\">\n\t\t\t\t<div class=\"elementor-widget-container\">\n\t\t\t\t\t<h3 class=\"elementor-heading-title elementor-size-default\">La d\u00e9pression est un hiver int\u00e9rieur o\u00f9 la lumi\u00e8re peine \u00e0 percer l\u2019obscurit\u00e9<\/h3>\t\t\t\t<\/div>\n\t\t\t\t<\/div>\n\t\t\t\t\t<\/div>\n\t\t\t\t<\/div>\n\t\t<div class=\"elementor-element elementor-element-8421c06 e-flex e-con-boxed e-con e-parent\" data-id=\"8421c06\" data-element_type=\"container\" data-e-type=\"container\">\n\t\t\t\t\t<div class=\"e-con-inner\">\n\t\t\t\t<div class=\"elementor-element elementor-element-f72c3df elementor-widget elementor-widget-text-editor\" data-id=\"f72c3df\" data-element_type=\"widget\" data-e-type=\"widget\" data-widget_type=\"text-editor.default\">\n\t\t\t\t<div class=\"elementor-widget-container\">\n\t\t\t\t\t\t\t\t\t<p class=\"Normal tm8\"><span class=\"tm6\">La d\u00e9pression est un trouble mental complexe qui touche des millions de personnes \u00e0 travers le monde. Elle se manifeste par un ensemble de sympt\u00f4mes de ces 3 sph\u00e8res :\u00a0<\/span><\/p><ul><li class=\"Normal tm8\"><span class=\"tm6\"> \u00e9motionnels<\/span><\/li><li class=\"Normal tm8\"><span class=\"tm6\">cognitifs<\/span><\/li><li class=\"Normal tm8\"><span class=\"tm6\">physiques <br \/><\/span><\/li><\/ul><p class=\"Normal tm8\"><span class=\"tm6\">Ils peuvent grandement affecter la qualit\u00e9 de vie des personnes qui en souffrent. Elle peut engendrer un profond sentiment de d\u00e9sespoir, de vide et d\u2019impuissance.<\/span><\/p><p><strong>Quels sont les sympt\u00f4mes ?<\/strong><\/p><p class=\"Normal tm8\"><span class=\"tm6\">Les sympt\u00f4mes de la d\u00e9pression varient d\u2019une personne \u00e0 l\u2019autre, mais ils incluent souvent : <\/span><\/p><ul><li class=\"Normal tm8\"><span class=\"tm6\">une perte d\u2019int\u00e9r\u00eat ou de plaisir pour des activit\u00e9s autrefois appr\u00e9ci\u00e9es<\/span><\/li><li class=\"Normal tm8\"><span class=\"tm6\">des changements d\u2019app\u00e9tit<\/span><\/li><li class=\"Normal tm8\"><span class=\"tm6\">des troubles du sommeil<\/span><\/li><li class=\"Normal tm8\"><span class=\"tm6\">une fatigue persistante<\/span><\/li><li class=\"Normal tm8\"><span class=\"tm6\"> des difficult\u00e9s de concentration p<\/span><span class=\"tm6\">ouvant aller jusqu\u2019\u00e0 l\u2019apparition d\u2019id\u00e9es noires ou d\u2019id\u00e9es suicidaires. <\/span><\/li><\/ul><p><span class=\"tm6\">Ces manifestations peuvent rendre les t\u00e2ches quotidiennes, m\u00eame les plus simples, extr\u00eamement difficiles \u00e0 accomplir.<\/span><\/p><p><strong>Comment s&#8217;en sortir ?<\/strong><\/p><p class=\"Normal tm8\"><span class=\"tm6\">L\u2019accompagnement d\u2019une personne en situation de d\u00e9pression ou d\u2019anxi\u00e9t\u00e9 est un processus d\u00e9licat qui n\u00e9cessite \u00e9coute, empathie et compr\u00e9hension. <\/span><\/p>\t\t\t\t\t\t\t\t<\/div>\n\t\t\t\t<\/div>\n\t\t\t\t\t<\/div>\n\t\t\t\t<\/div>\n\t\t<div class=\"elementor-element elementor-element-c23e576 e-flex e-con-boxed e-con e-parent\" data-id=\"c23e576\" data-element_type=\"container\" data-e-type=\"container\">\n\t\t\t\t\t<div class=\"e-con-inner\">\n\t\t<div class=\"elementor-element elementor-element-1cc0422 e-con-full e-flex e-con e-child\" data-id=\"1cc0422\" data-element_type=\"container\" data-e-type=\"container\">\n\t\t\t\t<div class=\"elementor-element elementor-element-ff66725 elementor-widget-divider--separator-type-pattern elementor-widget-divider--view-line elementor-widget elementor-widget-divider\" data-id=\"ff66725\" data-element_type=\"widget\" data-e-type=\"widget\" data-widget_type=\"divider.default\">\n\t\t\t\t<div class=\"elementor-widget-container\">\n\t\t\t\t\t\t\t<div class=\"elementor-divider\" style=\"--divider-pattern-url: url(&quot;data:image\/svg+xml,%3Csvg xmlns=&#039;http:\/\/www.w3.org\/2000\/svg&#039; preserveAspectRatio=&#039;none&#039; overflow=&#039;visible&#039; height=&#039;100%&#039; viewBox=&#039;0 0 24 24&#039; fill=&#039;black&#039; stroke=&#039;none&#039;%3E%3Cpath d=&#039;M12.7,2.3c-0.4-0.4-1.1-0.4-1.5,0l-8,9.1c-0.3,0.4-0.3,0.9,0,1.2l8,9.1c0.4,0.4,1.1,0.4,1.5,0l8-9.1c0.3-0.4,0.3-0.9,0-1.2L12.7,2.3z&#039;\/%3E%3C\/svg%3E&quot;);\">\n\t\t\t<span class=\"elementor-divider-separator\">\n\t\t\t\t\t\t<\/span>\n\t\t<\/div>\n\t\t\t\t\t\t<\/div>\n\t\t\t\t<\/div>\n\t\t\t\t<\/div>\n\t\t\t\t\t<\/div>\n\t\t\t\t<\/div>\n\t\t<div class=\"elementor-element elementor-element-b548223 e-flex e-con-boxed e-con e-parent\" data-id=\"b548223\" data-element_type=\"container\" data-e-type=\"container\">\n\t\t\t\t\t<div class=\"e-con-inner\">\n\t\t<div class=\"elementor-element elementor-element-4aa47c6 e-con-full e-flex e-con e-child\" data-id=\"4aa47c6\" data-element_type=\"container\" data-e-type=\"container\">\n\t\t\t\t<div class=\"elementor-element elementor-element-a603c24 elementor-widget elementor-widget-heading\" data-id=\"a603c24\" data-element_type=\"widget\" data-e-type=\"widget\" data-widget_type=\"heading.default\">\n\t\t\t\t<div class=\"elementor-widget-container\">\n\t\t\t\t\t<h2 class=\"elementor-heading-title elementor-size-default\">Je vous propose un accompagnement bienveillant<\/h2>\t\t\t\t<\/div>\n\t\t\t\t<\/div>\n\t\t\t\t<\/div>\n\t\t\t\t\t<\/div>\n\t\t\t\t<\/div>\n\t\t<div class=\"elementor-element elementor-element-47bafd6 e-flex e-con-boxed e-con e-parent\" data-id=\"47bafd6\" data-element_type=\"container\" data-e-type=\"container\">\n\t\t\t\t\t<div class=\"e-con-inner\">\n\t\t<div class=\"elementor-element elementor-element-ba36174 e-con-full e-flex e-con e-child\" data-id=\"ba36174\" data-element_type=\"container\" data-e-type=\"container\">\n\t\t\t\t<div class=\"elementor-element elementor-element-51b9219 elementor-widget elementor-widget-image\" data-id=\"51b9219\" data-element_type=\"widget\" data-e-type=\"widget\" data-widget_type=\"image.default\">\n\t\t\t\t<div class=\"elementor-widget-container\">\n\t\t\t\t\t\t\t\t\t\t\t\t\t\t\t<img fetchpriority=\"high\" decoding=\"async\" width=\"640\" height=\"426\" src=\"https:\/\/www.alinechague.fr\/wp-content\/uploads\/2025\/06\/urgence-psychologique-accompagnement-rapide-1024x682.jpg\" class=\"attachment-large size-large wp-image-509\" alt=\"S\u00e9ance de th\u00e9rapie dans un espace d\u2019\u00e9coute bienveillant et sans jugement\" srcset=\"https:\/\/www.alinechague.fr\/wp-content\/uploads\/2025\/06\/urgence-psychologique-accompagnement-rapide-1024x682.jpg 1024w, https:\/\/www.alinechague.fr\/wp-content\/uploads\/2025\/06\/urgence-psychologique-accompagnement-rapide-300x200.jpg 300w, https:\/\/www.alinechague.fr\/wp-content\/uploads\/2025\/06\/urgence-psychologique-accompagnement-rapide-768x512.jpg 768w, https:\/\/www.alinechague.fr\/wp-content\/uploads\/2025\/06\/urgence-psychologique-accompagnement-rapide-1536x1023.jpg 1536w, https:\/\/www.alinechague.fr\/wp-content\/uploads\/2025\/06\/urgence-psychologique-accompagnement-rapide.jpg 2001w\" sizes=\"(max-width: 640px) 100vw, 640px\" \/>\t\t\t\t\t\t\t\t\t\t\t\t\t\t\t<\/div>\n\t\t\t\t<\/div>\n\t\t\t\t<\/div>\n\t\t<div class=\"elementor-element elementor-element-0b3fcfe e-con-full e-flex e-con e-child\" data-id=\"0b3fcfe\" data-element_type=\"container\" data-e-type=\"container\">\n\t\t\t\t<div class=\"elementor-element elementor-element-627aec4 elementor-widget elementor-widget-text-editor\" data-id=\"627aec4\" data-element_type=\"widget\" data-e-type=\"widget\" data-widget_type=\"text-editor.default\">\n\t\t\t\t<div class=\"elementor-widget-container\">\n\t\t\t\t\t\t\t\t\t<p class=\"Normal tm8\"><span class=\"tm6\"><strong>Vous trouverez au sein de mon cabinet un espace s\u00fbr,<\/strong> o\u00f9 vous pourrez vous sentir libre d\u2019exprimer vos \u00e9motions sans jugement <strong>et qui pourra vous aider \u00e0 vous sentir moins seul et isol\u00e9. <\/strong><\/span><\/p>\t\t\t\t\t\t\t\t<\/div>\n\t\t\t\t<\/div>\n\t\t\t\t<\/div>\n\t\t\t\t\t<\/div>\n\t\t\t\t<\/div>\n\t\t<div class=\"elementor-element elementor-element-0250524 e-flex e-con-boxed e-con e-parent\" data-id=\"0250524\" data-element_type=\"container\" data-e-type=\"container\">\n\t\t\t\t\t<div class=\"e-con-inner\">\n\t\t\t\t<div class=\"elementor-element elementor-element-eeb5720 elementor-widget elementor-widget-text-editor\" data-id=\"eeb5720\" data-element_type=\"widget\" data-e-type=\"widget\" data-widget_type=\"text-editor.default\">\n\t\t\t\t<div class=\"elementor-widget-container\">\n\t\t\t\t\t\t\t\t\t<p class=\"Normal tm8\"><span class=\"tm6\">Vous pourrez partager vos exp\u00e9riences, vos pens\u00e9es et vos craintes sans peur, ce qui pourra vous permettre de comprendre l\u2019origine de votre mal-\u00eatre, mais aussi d\u2019<strong>\u00e9tablir une relation de confiance indispensable \u00e0 tout processus d\u2019accompagnement. <\/strong><\/span><\/p><p class=\"Normal tm8\"><strong><span class=\"tm6\">Je vous propose des entretiens d\u2019aide et de soutien empreints d\u2019\u00e9coute active, qui peuvent contribuer \u00e0 all\u00e9ger le poids de vos \u00e9motions. <\/span><\/strong><\/p>\t\t\t\t\t\t\t\t<\/div>\n\t\t\t\t<\/div>\n\t\t\t\t\t<\/div>\n\t\t\t\t<\/div>\n\t\t<div class=\"elementor-element elementor-element-4d9b7d5 e-flex e-con-boxed e-con e-parent\" data-id=\"4d9b7d5\" data-element_type=\"container\" data-e-type=\"container\">\n\t\t\t\t\t<div class=\"e-con-inner\">\n\t\t<div class=\"elementor-element elementor-element-5794276 e-con-full e-flex e-con e-child\" data-id=\"5794276\" data-element_type=\"container\" data-e-type=\"container\">\n\t\t\t\t<div class=\"elementor-element elementor-element-84b9b73 elementor-widget elementor-widget-heading\" data-id=\"84b9b73\" data-element_type=\"widget\" data-e-type=\"widget\" data-widget_type=\"heading.default\">\n\t\t\t\t<div class=\"elementor-widget-container\">\n\t\t\t\t\t<h2 class=\"elementor-heading-title elementor-size-default\">La d\u00e9pression est un d\u00e9fi s\u00e9rieux mais surmontable<\/h2>\t\t\t\t<\/div>\n\t\t\t\t<\/div>\n\t\t\t\t<\/div>\n\t\t\t\t\t<\/div>\n\t\t\t\t<\/div>\n\t\t<div class=\"elementor-element elementor-element-a9fe788 e-flex e-con-boxed e-con e-parent\" data-id=\"a9fe788\" data-element_type=\"container\" data-e-type=\"container\">\n\t\t\t\t\t<div class=\"e-con-inner\">\n\t\t\t\t<div class=\"elementor-element elementor-element-4d478a3 elementor-widget elementor-widget-text-editor\" data-id=\"4d478a3\" data-element_type=\"widget\" data-e-type=\"widget\" data-widget_type=\"text-editor.default\">\n\t\t\t\t<div class=\"elementor-widget-container\">\n\t\t\t\t\t\t\t\t\t<p><span class=\"tm6\">Avec un soutien ad\u00e9quat et des interventions appropri\u00e9es,<strong> il est possible de retrouver un \u00e9quilibre \u00e9motionnel et de red\u00e9couvrir le plaisir de vivre.<\/strong> Demander de l\u2019aide est un signe de force et est un chemin vers le r\u00e9tablissement qui m\u00e9rite d\u2019\u00eatre emprunt\u00e9.<\/span><\/p>\t\t\t\t\t\t\t\t<\/div>\n\t\t\t\t<\/div>\n\t\t\t\t\t<\/div>\n\t\t\t\t<\/div>\n\t\t<div class=\"elementor-element elementor-element-a2b0979 e-flex e-con-boxed e-con e-parent\" data-id=\"a2b0979\" data-element_type=\"container\" data-e-type=\"container\">\n\t\t\t\t\t<div class=\"e-con-inner\">\n\t\t<div class=\"elementor-element elementor-element-74697f2 e-con-full e-flex e-con e-child\" data-id=\"74697f2\" data-element_type=\"container\" data-e-type=\"container\">\n\t\t\t\t<div class=\"elementor-element elementor-element-cfbe5c3 elementor-widget elementor-widget-heading\" data-id=\"cfbe5c3\" data-element_type=\"widget\" data-e-type=\"widget\" data-widget_type=\"heading.default\">\n\t\t\t\t<div class=\"elementor-widget-container\">\n\t\t\t\t\t<h3 class=\"elementor-heading-title elementor-size-default\">Pr\u00eat \u00e0 vous lancer ?<\/h3>\t\t\t\t<\/div>\n\t\t\t\t<\/div>\n\t\t\t\t<\/div>\n\t\t\t\t\t<\/div>\n\t\t\t\t<\/div>\n\t\t<div class=\"elementor-element elementor-element-e8965a6 e-flex e-con-boxed e-con e-parent\" data-id=\"e8965a6\" data-element_type=\"container\" data-e-type=\"container\">\n\t\t\t\t\t<div class=\"e-con-inner\">\n\t\t\t\t<div class=\"elementor-element elementor-element-528b2aa elementor-button-info elementor-align-center elementor-widget elementor-widget-button\" data-id=\"528b2aa\" data-element_type=\"widget\" data-e-type=\"widget\" data-widget_type=\"button.default\">\n\t\t\t\t<div class=\"elementor-widget-container\">\n\t\t\t\t\t\t\t\t\t<div class=\"elementor-button-wrapper\">\n\t\t\t\t\t<a class=\"elementor-button elementor-button-link elementor-size-sm\" href=\"https:\/\/www.resalib.fr\/praticien\/106860-aline-chague-psychopraticien-besancon\" target=\"_blank\">\n\t\t\t\t\t\t<span class=\"elementor-button-content-wrapper\">\n\t\t\t\t\t\t\t\t\t<span class=\"elementor-button-text\">Prendre rendez-vous<\/span>\n\t\t\t\t\t<\/span>\n\t\t\t\t\t<\/a>\n\t\t\t\t<\/div>\n\t\t\t\t\t\t\t\t<\/div>\n\t\t\t\t<\/div>\n\t\t\t\t\t<\/div>\n\t\t\t\t<\/div>\n\t\t<div class=\"elementor-element elementor-element-b5b5e36 e-flex e-con-boxed e-con e-parent\" data-id=\"b5b5e36\" data-element_type=\"container\" data-e-type=\"container\">\n\t\t\t\t\t<div class=\"e-con-inner\">\n\t\t<div class=\"elementor-element elementor-element-014c66b e-con-full e-flex e-con e-child\" data-id=\"014c66b\" data-element_type=\"container\" data-e-type=\"container\">\n\t\t\t\t<div class=\"elementor-element elementor-element-c20ccae elementor-widget-divider--separator-type-pattern elementor-widget-divider--view-line elementor-widget elementor-widget-divider\" data-id=\"c20ccae\" data-element_type=\"widget\" data-e-type=\"widget\" data-widget_type=\"divider.default\">\n\t\t\t\t<div class=\"elementor-widget-container\">\n\t\t\t\t\t\t\t<div class=\"elementor-divider\" style=\"--divider-pattern-url: url(&quot;data:image\/svg+xml,%3Csvg xmlns=&#039;http:\/\/www.w3.org\/2000\/svg&#039; preserveAspectRatio=&#039;none&#039; overflow=&#039;visible&#039; height=&#039;100%&#039; viewBox=&#039;0 0 24 24&#039; fill=&#039;black&#039; stroke=&#039;none&#039;%3E%3Cpath d=&#039;M12.7,2.3c-0.4-0.4-1.1-0.4-1.5,0l-8,9.1c-0.3,0.4-0.3,0.9,0,1.2l8,9.1c0.4,0.4,1.1,0.4,1.5,0l8-9.1c0.3-0.4,0.3-0.9,0-1.2L12.7,2.3z&#039;\/%3E%3C\/svg%3E&quot;);\">\n\t\t\t<span class=\"elementor-divider-separator\">\n\t\t\t\t\t\t<\/span>\n\t\t<\/div>\n\t\t\t\t\t\t<\/div>\n\t\t\t\t<\/div>\n\t\t\t\t<\/div>\n\t\t\t\t\t<\/div>\n\t\t\t\t<\/div>\n\t\t<div class=\"elementor-element elementor-element-1841404 e-flex e-con-boxed e-con e-parent\" data-id=\"1841404\" data-element_type=\"container\" data-e-type=\"container\">\n\t\t\t\t\t<div class=\"e-con-inner\">\n\t\t\t\t<div class=\"elementor-element elementor-element-c5eaf20 elementor-widget elementor-widget-heading\" data-id=\"c5eaf20\" data-element_type=\"widget\" data-e-type=\"widget\" data-widget_type=\"heading.default\">\n\t\t\t\t<div class=\"elementor-widget-container\">\n\t\t\t\t\t<h2 class=\"elementor-heading-title elementor-size-default\">Votre anxi\u00e9t\u00e9 est devenue chronique ?<\/h2>\t\t\t\t<\/div>\n\t\t\t\t<\/div>\n\t\t\t\t\t<\/div>\n\t\t\t\t<\/div>\n\t\t<div class=\"elementor-element elementor-element-06fba85 e-flex e-con-boxed e-con e-parent\" data-id=\"06fba85\" data-element_type=\"container\" data-e-type=\"container\">\n\t\t\t\t\t<div class=\"e-con-inner\">\n\t\t<div class=\"elementor-element elementor-element-df4b9cc e-con-full e-flex e-con e-child\" data-id=\"df4b9cc\" data-element_type=\"container\" data-e-type=\"container\">\n\t\t\t\t<div class=\"elementor-element elementor-element-bbafdae elementor-widget elementor-widget-image\" data-id=\"bbafdae\" data-element_type=\"widget\" data-e-type=\"widget\" data-widget_type=\"image.default\">\n\t\t\t\t<div class=\"elementor-widget-container\">\n\t\t\t\t\t\t\t\t\t\t\t\t\t\t\t<img decoding=\"async\" width=\"150\" height=\"150\" src=\"https:\/\/www.alinechague.fr\/wp-content\/uploads\/2025\/06\/mal-etre-depression-psychopraticienne-franche-comte-150x150.png\" class=\"attachment-thumbnail size-thumbnail wp-image-483\" alt=\"Ic\u00f4ne repr\u00e9sentant une personne recroquevill\u00e9e, symbole des troubles d\u00e9pressifs\" \/>\t\t\t\t\t\t\t\t\t\t\t\t\t\t\t<\/div>\n\t\t\t\t<\/div>\n\t\t\t\t<\/div>\n\t\t<div class=\"elementor-element elementor-element-a1d1def e-con-full e-flex e-con e-child\" data-id=\"a1d1def\" data-element_type=\"container\" data-e-type=\"container\">\n\t\t\t\t<div class=\"elementor-element elementor-element-8dcb19e elementor-widget elementor-widget-text-editor\" data-id=\"8dcb19e\" data-element_type=\"widget\" data-e-type=\"widget\" data-widget_type=\"text-editor.default\">\n\t\t\t\t<div class=\"elementor-widget-container\">\n\t\t\t\t\t\t\t\t\t<p><span class=\"tm6\">L\u2019anxi\u00e9t\u00e9 est une r\u00e9action \u00e9motionnelle normale face \u00e0 des situations stressantes ou mena\u00e7antes, mais lorsqu\u2019elle devient excessive ou chronique, elle peut affecter la qualit\u00e9 de vie.<\/span><\/p>\t\t\t\t\t\t\t\t<\/div>\n\t\t\t\t<\/div>\n\t\t\t\t<\/div>\n\t\t\t\t\t<\/div>\n\t\t\t\t<\/div>\n\t\t<div class=\"elementor-element elementor-element-bbae94e e-flex e-con-boxed e-con e-parent\" data-id=\"bbae94e\" data-element_type=\"container\" data-e-type=\"container\">\n\t\t\t\t\t<div class=\"e-con-inner\">\n\t\t<div class=\"elementor-element elementor-element-3b02e07 e-con-full e-flex e-con e-child\" data-id=\"3b02e07\" data-element_type=\"container\" data-e-type=\"container\">\n\t\t\t\t<div class=\"elementor-element elementor-element-fa56019 elementor-widget elementor-widget-heading\" data-id=\"fa56019\" data-element_type=\"widget\" data-e-type=\"widget\" data-widget_type=\"heading.default\">\n\t\t\t\t<div class=\"elementor-widget-container\">\n\t\t\t\t\t<h2 class=\"elementor-heading-title elementor-size-default\">Les sympt\u00f4mes de l'anxi\u00e9t\u00e9 peuvent \u00eatre : <\/h2>\t\t\t\t<\/div>\n\t\t\t\t<\/div>\n\t\t\t\t<\/div>\n\t\t\t\t\t<\/div>\n\t\t\t\t<\/div>\n\t\t<div class=\"elementor-element elementor-element-701b8a0 e-flex e-con-boxed e-con e-parent\" data-id=\"701b8a0\" data-element_type=\"container\" data-e-type=\"container\">\n\t\t\t\t\t<div class=\"e-con-inner\">\n\t\t<div class=\"elementor-element elementor-element-2606a71 e-con-full e-flex e-con e-child\" data-id=\"2606a71\" data-element_type=\"container\" data-e-type=\"container\">\n\t\t\t\t<div class=\"elementor-element elementor-element-ef59357 elementor-widget elementor-widget-heading\" data-id=\"ef59357\" data-element_type=\"widget\" data-e-type=\"widget\" data-widget_type=\"heading.default\">\n\t\t\t\t<div class=\"elementor-widget-container\">\n\t\t\t\t\t<h3 class=\"elementor-heading-title elementor-size-default\">\u2022 \u00e9motionnels<\/h3>\t\t\t\t<\/div>\n\t\t\t\t<\/div>\n\t\t\t\t<div class=\"elementor-element elementor-element-c79cb20 elementor-widget elementor-widget-text-editor\" data-id=\"c79cb20\" data-element_type=\"widget\" data-e-type=\"widget\" data-widget_type=\"text-editor.default\">\n\t\t\t\t<div class=\"elementor-widget-container\">\n\t\t\t\t\t\t\t\t\t<ul><li>inqui\u00e9tude constante<\/li><li>irritabilit\u00e9<\/li><\/ul>\t\t\t\t\t\t\t\t<\/div>\n\t\t\t\t<\/div>\n\t\t\t\t<\/div>\n\t\t<div class=\"elementor-element elementor-element-3c7473e e-con-full e-flex e-con e-child\" data-id=\"3c7473e\" data-element_type=\"container\" data-e-type=\"container\">\n\t\t\t\t<div class=\"elementor-element elementor-element-7b29d75 elementor-widget elementor-widget-heading\" data-id=\"7b29d75\" data-element_type=\"widget\" data-e-type=\"widget\" data-widget_type=\"heading.default\">\n\t\t\t\t<div class=\"elementor-widget-container\">\n\t\t\t\t\t<h3 class=\"elementor-heading-title elementor-size-default\">\u2022 physiques<\/h3>\t\t\t\t<\/div>\n\t\t\t\t<\/div>\n\t\t\t\t<div class=\"elementor-element elementor-element-c35b733 elementor-widget elementor-widget-text-editor\" data-id=\"c35b733\" data-element_type=\"widget\" data-e-type=\"widget\" data-widget_type=\"text-editor.default\">\n\t\t\t\t<div class=\"elementor-widget-container\">\n\t\t\t\t\t\t\t\t\t<ul><li><span class=\"tm6\">des palpitations cardiaques<\/span><\/li><li><span class=\"tm6\"> transpiration excessive,<\/span><\/li><li><span class=\"tm6\">des tremblements<\/span><\/li><\/ul>\t\t\t\t\t\t\t\t<\/div>\n\t\t\t\t<\/div>\n\t\t\t\t<\/div>\n\t\t<div class=\"elementor-element elementor-element-5859423 e-con-full e-flex e-con e-child\" data-id=\"5859423\" data-element_type=\"container\" data-e-type=\"container\">\n\t\t\t\t<div class=\"elementor-element elementor-element-d8b221f elementor-widget elementor-widget-heading\" data-id=\"d8b221f\" data-element_type=\"widget\" data-e-type=\"widget\" data-widget_type=\"heading.default\">\n\t\t\t\t<div class=\"elementor-widget-container\">\n\t\t\t\t\t<h3 class=\"elementor-heading-title elementor-size-default\">\u2022 cognitifs<\/h3>\t\t\t\t<\/div>\n\t\t\t\t<\/div>\n\t\t\t\t<div class=\"elementor-element elementor-element-f04b662 elementor-widget elementor-widget-text-editor\" data-id=\"f04b662\" data-element_type=\"widget\" data-e-type=\"widget\" data-widget_type=\"text-editor.default\">\n\t\t\t\t<div class=\"elementor-widget-container\">\n\t\t\t\t\t\t\t\t\t<ul><li><span class=\"tm6\">difficult\u00e9 \u00e0 se concentrer<\/span><\/li><li><span class=\"tm6\"> pens\u00e9es intrusives<\/span><\/li><li><span class=\"tm6\">pens\u00e9es catastrophiques<\/span><\/li><\/ul>\t\t\t\t\t\t\t\t<\/div>\n\t\t\t\t<\/div>\n\t\t\t\t<\/div>\n\t\t\t\t\t<\/div>\n\t\t\t\t<\/div>\n\t\t<div class=\"elementor-element elementor-element-ae731c2 e-flex e-con-boxed e-con e-parent\" data-id=\"ae731c2\" data-element_type=\"container\" data-e-type=\"container\">\n\t\t\t\t\t<div class=\"e-con-inner\">\n\t\t\t\t<div class=\"elementor-element elementor-element-6b6e3d7 elementor-widget elementor-widget-text-editor\" data-id=\"6b6e3d7\" data-element_type=\"widget\" data-e-type=\"widget\" data-widget_type=\"text-editor.default\">\n\t\t\t\t<div class=\"elementor-widget-container\">\n\t\t\t\t\t\t\t\t\t<p>Cela peut impacter les relations sociales, le travail ou les \u00e9tudes et la sant\u00e9 physique.<\/p>\t\t\t\t\t\t\t\t<\/div>\n\t\t\t\t<\/div>\n\t\t\t\t\t<\/div>\n\t\t\t\t<\/div>\n\t\t<div class=\"elementor-element elementor-element-6a4d7e3 e-flex e-con-boxed e-con e-parent\" data-id=\"6a4d7e3\" data-element_type=\"container\" data-e-type=\"container\">\n\t\t\t\t\t<div class=\"e-con-inner\">\n\t\t<div class=\"elementor-element elementor-element-491ff47 e-con-full e-flex e-con e-child\" data-id=\"491ff47\" data-element_type=\"container\" data-e-type=\"container\">\n\t\t\t\t<div class=\"elementor-element elementor-element-a1ecbd0 elementor-widget-divider--separator-type-pattern elementor-widget-divider--view-line elementor-widget elementor-widget-divider\" data-id=\"a1ecbd0\" data-element_type=\"widget\" data-e-type=\"widget\" data-widget_type=\"divider.default\">\n\t\t\t\t<div class=\"elementor-widget-container\">\n\t\t\t\t\t\t\t<div class=\"elementor-divider\" style=\"--divider-pattern-url: url(&quot;data:image\/svg+xml,%3Csvg xmlns=&#039;http:\/\/www.w3.org\/2000\/svg&#039; preserveAspectRatio=&#039;none&#039; overflow=&#039;visible&#039; height=&#039;100%&#039; viewBox=&#039;0 0 24 24&#039; fill=&#039;black&#039; stroke=&#039;none&#039;%3E%3Cpath d=&#039;M12.7,2.3c-0.4-0.4-1.1-0.4-1.5,0l-8,9.1c-0.3,0.4-0.3,0.9,0,1.2l8,9.1c0.4,0.4,1.1,0.4,1.5,0l8-9.1c0.3-0.4,0.3-0.9,0-1.2L12.7,2.3z&#039;\/%3E%3C\/svg%3E&quot;);\">\n\t\t\t<span class=\"elementor-divider-separator\">\n\t\t\t\t\t\t<\/span>\n\t\t<\/div>\n\t\t\t\t\t\t<\/div>\n\t\t\t\t<\/div>\n\t\t\t\t<\/div>\n\t\t\t\t\t<\/div>\n\t\t\t\t<\/div>\n\t\t<div class=\"elementor-element elementor-element-013c2c4 e-flex e-con-boxed e-con e-parent\" data-id=\"013c2c4\" data-element_type=\"container\" data-e-type=\"container\">\n\t\t\t\t\t<div class=\"e-con-inner\">\n\t\t<div class=\"elementor-element elementor-element-35673ba e-con-full e-flex e-con e-child\" data-id=\"35673ba\" data-element_type=\"container\" data-e-type=\"container\">\n\t\t\t\t<div class=\"elementor-element elementor-element-c4b0938 elementor-view-default elementor-widget elementor-widget-icon\" data-id=\"c4b0938\" data-element_type=\"widget\" data-e-type=\"widget\" data-widget_type=\"icon.default\">\n\t\t\t\t<div class=\"elementor-widget-container\">\n\t\t\t\t\t\t\t<div class=\"elementor-icon-wrapper\">\n\t\t\t<div class=\"elementor-icon\">\n\t\t\t<svg aria-hidden=\"true\" class=\"e-font-icon-svg e-fas-exclamation-triangle\" viewBox=\"0 0 576 512\" xmlns=\"http:\/\/www.w3.org\/2000\/svg\"><path d=\"M569.517 440.013C587.975 472.007 564.806 512 527.94 512H48.054c-36.937 0-59.999-40.055-41.577-71.987L246.423 23.985c18.467-32.009 64.72-31.951 83.154 0l239.94 416.028zM288 354c-25.405 0-46 20.595-46 46s20.595 46 46 46 46-20.595 46-46-20.595-46-46-46zm-43.673-165.346l7.418 136c.347 6.364 5.609 11.346 11.982 11.346h48.546c6.373 0 11.635-4.982 11.982-11.346l7.418-136c.375-6.874-5.098-12.654-11.982-12.654h-63.383c-6.884 0-12.356 5.78-11.981 12.654z\"><\/path><\/svg>\t\t\t<\/div>\n\t\t<\/div>\n\t\t\t\t\t\t<\/div>\n\t\t\t\t<\/div>\n\t\t\t\t<\/div>\n\t\t<div class=\"elementor-element elementor-element-e2c6e3a e-con-full e-flex e-con e-child\" data-id=\"e2c6e3a\" data-element_type=\"container\" data-e-type=\"container\">\n\t\t\t\t<div class=\"elementor-element elementor-element-ea907ea elementor-widget elementor-widget-text-editor\" data-id=\"ea907ea\" data-element_type=\"widget\" data-e-type=\"widget\" data-widget_type=\"text-editor.default\">\n\t\t\t\t<div class=\"elementor-widget-container\">\n\t\t\t\t\t\t\t\t\t<p><span class=\"tm6\">Mon accompagnement ne remplace pas un traitement m\u00e9dical si celui-ci est n\u00e9cessaire, mais peut venir en compl\u00e9ment.<\/span><\/p>\t\t\t\t\t\t\t\t<\/div>\n\t\t\t\t<\/div>\n\t\t\t\t<\/div>\n\t\t\t\t\t<\/div>\n\t\t\t\t<\/div>\n\t\t<div class=\"elementor-element elementor-element-d21625e e-flex e-con-boxed e-con e-parent\" data-id=\"d21625e\" data-element_type=\"container\" data-e-type=\"container\">\n\t\t\t\t\t<div class=\"e-con-inner\">\n\t\t<div class=\"elementor-element elementor-element-e0b1fc0 e-con-full e-flex e-con e-child\" data-id=\"e0b1fc0\" data-element_type=\"container\" data-e-type=\"container\">\n\t\t\t\t<div class=\"elementor-element elementor-element-d5f9f5c elementor-widget elementor-widget-heading\" data-id=\"d5f9f5c\" data-element_type=\"widget\" data-e-type=\"widget\" data-widget_type=\"heading.default\">\n\t\t\t\t<div class=\"elementor-widget-container\">\n\t\t\t\t\t<h3 class=\"elementor-heading-title elementor-size-default\">Avez-vous d\u00e9cid\u00e9 de reprendre le pas sur votre anxi\u00e9t\u00e9 ?<\/h3>\t\t\t\t<\/div>\n\t\t\t\t<\/div>\n\t\t\t\t<\/div>\n\t\t\t\t\t<\/div>\n\t\t\t\t<\/div>\n\t\t<div class=\"elementor-element elementor-element-c0c19a5 e-flex e-con-boxed e-con e-parent\" data-id=\"c0c19a5\" data-element_type=\"container\" data-e-type=\"container\">\n\t\t\t\t\t<div class=\"e-con-inner\">\n\t\t\t\t<div class=\"elementor-element elementor-element-c52e292 elementor-button-info elementor-align-center elementor-widget elementor-widget-button\" data-id=\"c52e292\" data-element_type=\"widget\" data-e-type=\"widget\" data-widget_type=\"button.default\">\n\t\t\t\t<div class=\"elementor-widget-container\">\n\t\t\t\t\t\t\t\t\t<div class=\"elementor-button-wrapper\">\n\t\t\t\t\t<a class=\"elementor-button elementor-button-link elementor-size-sm\" href=\"https:\/\/www.resalib.fr\/praticien\/106860-aline-chague-psychopraticien-besancon\" target=\"_blank\">\n\t\t\t\t\t\t<span class=\"elementor-button-content-wrapper\">\n\t\t\t\t\t\t\t\t\t<span class=\"elementor-button-text\">Prendre rendez-vous<\/span>\n\t\t\t\t\t<\/span>\n\t\t\t\t\t<\/a>\n\t\t\t\t<\/div>\n\t\t\t\t\t\t\t\t<\/div>\n\t\t\t\t<\/div>\n\t\t\t\t\t<\/div>\n\t\t\t\t<\/div>\n\t\t\t\t<\/div>\n\t\t","protected":false},"excerpt":{"rendered":"<p>La d\u00e9pression, c&#8217;est quoi exactement ? La d\u00e9pression est un hiver int\u00e9rieur o\u00f9 la lumi\u00e8re peine \u00e0 percer l\u2019obscurit\u00e9 La d\u00e9pression est un trouble&#8230;<\/p>\n","protected":false},"author":1,"featured_media":0,"parent":0,"menu_order":0,"comment_status":"closed","ping_status":"closed","template":"","meta":{"footnotes":""},"class_list":["post-51","page","type-page","status-publish","hentry"],"yoast_head":"<!-- This site is optimized with the Yoast SEO plugin v27.2 - https:\/\/yoast.com\/product\/yoast-seo-wordpress\/ -->\n<title>Th\u00e9rapie pour l\u2019anxi\u00e9t\u00e9 et la d\u00e9pression \u00e0 Besan\u00e7on - Aline Chagu\u00e9<\/title>\n<meta name=\"description\" content=\"Accompagnement en th\u00e9rapie pour l\u2019anxi\u00e9t\u00e9 et la d\u00e9pression \u00e0 Besan\u00e7on. Aline Chagu\u00e9 vous re\u00e7oit dans un cadre bienveillant et sans jugement.\" \/>\n<meta name=\"robots\" content=\"index, follow, max-snippet:-1, max-image-preview:large, max-video-preview:-1\" \/>\n<link rel=\"canonical\" href=\"https:\/\/www.alinechague.fr\/index.php\/therapie-depression-anxiete-besancon\/\" \/>\n<meta property=\"og:locale\" content=\"en_US\" \/>\n<meta property=\"og:type\" content=\"article\" \/>\n<meta property=\"og:title\" content=\"Th\u00e9rapie pour l\u2019anxi\u00e9t\u00e9 et la d\u00e9pression \u00e0 Besan\u00e7on - Aline Chagu\u00e9\" \/>\n<meta property=\"og:description\" content=\"Accompagnement en th\u00e9rapie pour l\u2019anxi\u00e9t\u00e9 et la d\u00e9pression \u00e0 Besan\u00e7on. Aline Chagu\u00e9 vous re\u00e7oit dans un cadre bienveillant et sans jugement.\" \/>\n<meta property=\"og:url\" content=\"https:\/\/www.alinechague.fr\/index.php\/therapie-depression-anxiete-besancon\/\" \/>\n<meta property=\"og:site_name\" content=\"Aline Chagu\u00e9\" \/>\n<meta property=\"article:modified_time\" content=\"2025-07-04T10:19:35+00:00\" \/>\n<meta property=\"og:image\" content=\"http:\/\/www.alinechague.fr\/wp-content\/uploads\/2025\/06\/urgence-psychologique-accompagnement-rapide-1024x682.jpg\" \/>\n<meta name=\"twitter:card\" content=\"summary_large_image\" \/>\n<meta name=\"twitter:label1\" content=\"Est. reading time\" \/>\n\t<meta name=\"twitter:data1\" content=\"3 minutes\" \/>\n<script type=\"application\/ld+json\" class=\"yoast-schema-graph\">{\"@context\":\"https:\/\/schema.org\",\"@graph\":[{\"@type\":\"WebPage\",\"@id\":\"https:\/\/www.alinechague.fr\/index.php\/therapie-depression-anxiete-besancon\/\",\"url\":\"https:\/\/www.alinechague.fr\/index.php\/therapie-depression-anxiete-besancon\/\",\"name\":\"Th\u00e9rapie pour l\u2019anxi\u00e9t\u00e9 et la d\u00e9pression \u00e0 Besan\u00e7on - Aline Chagu\u00e9\",\"isPartOf\":{\"@id\":\"https:\/\/www.alinechague.fr\/#website\"},\"primaryImageOfPage\":{\"@id\":\"https:\/\/www.alinechague.fr\/index.php\/therapie-depression-anxiete-besancon\/#primaryimage\"},\"image\":{\"@id\":\"https:\/\/www.alinechague.fr\/index.php\/therapie-depression-anxiete-besancon\/#primaryimage\"},\"thumbnailUrl\":\"http:\/\/www.alinechague.fr\/wp-content\/uploads\/2025\/06\/urgence-psychologique-accompagnement-rapide-1024x682.jpg\",\"datePublished\":\"2025-05-27T12:43:43+00:00\",\"dateModified\":\"2025-07-04T10:19:35+00:00\",\"description\":\"Accompagnement en th\u00e9rapie pour l\u2019anxi\u00e9t\u00e9 et la d\u00e9pression \u00e0 Besan\u00e7on. Aline Chagu\u00e9 vous re\u00e7oit dans un cadre bienveillant et sans jugement.\",\"breadcrumb\":{\"@id\":\"https:\/\/www.alinechague.fr\/index.php\/therapie-depression-anxiete-besancon\/#breadcrumb\"},\"inLanguage\":\"en-US\",\"potentialAction\":[{\"@type\":\"ReadAction\",\"target\":[\"https:\/\/www.alinechague.fr\/index.php\/therapie-depression-anxiete-besancon\/\"]}]},{\"@type\":\"ImageObject\",\"inLanguage\":\"en-US\",\"@id\":\"https:\/\/www.alinechague.fr\/index.php\/therapie-depression-anxiete-besancon\/#primaryimage\",\"url\":\"https:\/\/www.alinechague.fr\/wp-content\/uploads\/2025\/06\/urgence-psychologique-accompagnement-rapide.jpg\",\"contentUrl\":\"https:\/\/www.alinechague.fr\/wp-content\/uploads\/2025\/06\/urgence-psychologique-accompagnement-rapide.jpg\",\"width\":2001,\"height\":1333,\"caption\":\"Un lieu s\u00e9curisant pour exprimer ses \u00e9motions librement, sans peur du jugement\"},{\"@type\":\"BreadcrumbList\",\"@id\":\"https:\/\/www.alinechague.fr\/index.php\/therapie-depression-anxiete-besancon\/#breadcrumb\",\"itemListElement\":[{\"@type\":\"ListItem\",\"position\":1,\"name\":\"Accueil\",\"item\":\"https:\/\/www.alinechague.fr\/\"},{\"@type\":\"ListItem\",\"position\":2,\"name\":\"Th\u00e9rapie pour l\u2019anxi\u00e9t\u00e9 et la d\u00e9pression \u00e0 Besan\u00e7on\"}]},{\"@type\":\"WebSite\",\"@id\":\"https:\/\/www.alinechague.fr\/#website\",\"url\":\"https:\/\/www.alinechague.fr\/\",\"name\":\"Aline Chagu\u00e9 - Psychopraticienne \u00e0 Besan\u00e7on\",\"description\":\"Psychopraticienne\",\"publisher\":{\"@id\":\"https:\/\/www.alinechague.fr\/#\/schema\/person\/30b5e4312cd21710a358ee2f45152f73\"},\"potentialAction\":[{\"@type\":\"SearchAction\",\"target\":{\"@type\":\"EntryPoint\",\"urlTemplate\":\"https:\/\/www.alinechague.fr\/?s={search_term_string}\"},\"query-input\":{\"@type\":\"PropertyValueSpecification\",\"valueRequired\":true,\"valueName\":\"search_term_string\"}}],\"inLanguage\":\"en-US\"},{\"@type\":[\"Person\",\"Organization\"],\"@id\":\"https:\/\/www.alinechague.fr\/#\/schema\/person\/30b5e4312cd21710a358ee2f45152f73\",\"name\":\"admin6596\",\"image\":{\"@type\":\"ImageObject\",\"inLanguage\":\"en-US\",\"@id\":\"https:\/\/www.alinechague.fr\/wp-content\/uploads\/2025\/05\/cropped-Logo-noir.png\",\"url\":\"https:\/\/www.alinechague.fr\/wp-content\/uploads\/2025\/05\/cropped-Logo-noir.png\",\"contentUrl\":\"https:\/\/www.alinechague.fr\/wp-content\/uploads\/2025\/05\/cropped-Logo-noir.png\",\"width\":512,\"height\":512,\"caption\":\"admin6596\"},\"logo\":{\"@id\":\"https:\/\/www.alinechague.fr\/wp-content\/uploads\/2025\/05\/cropped-Logo-noir.png\"},\"sameAs\":[\"http:\/\/www.alinechague.fr\"]}]}<\/script>\n<!-- \/ Yoast SEO plugin. -->","yoast_head_json":{"title":"Th\u00e9rapie pour l\u2019anxi\u00e9t\u00e9 et la d\u00e9pression \u00e0 Besan\u00e7on - Aline Chagu\u00e9","description":"Accompagnement en th\u00e9rapie pour l\u2019anxi\u00e9t\u00e9 et la d\u00e9pression \u00e0 Besan\u00e7on. Aline Chagu\u00e9 vous re\u00e7oit dans un cadre bienveillant et sans jugement.","robots":{"index":"index","follow":"follow","max-snippet":"max-snippet:-1","max-image-preview":"max-image-preview:large","max-video-preview":"max-video-preview:-1"},"canonical":"https:\/\/www.alinechague.fr\/index.php\/therapie-depression-anxiete-besancon\/","og_locale":"en_US","og_type":"article","og_title":"Th\u00e9rapie pour l\u2019anxi\u00e9t\u00e9 et la d\u00e9pression \u00e0 Besan\u00e7on - Aline Chagu\u00e9","og_description":"Accompagnement en th\u00e9rapie pour l\u2019anxi\u00e9t\u00e9 et la d\u00e9pression \u00e0 Besan\u00e7on. Aline Chagu\u00e9 vous re\u00e7oit dans un cadre bienveillant et sans jugement.","og_url":"https:\/\/www.alinechague.fr\/index.php\/therapie-depression-anxiete-besancon\/","og_site_name":"Aline Chagu\u00e9","article_modified_time":"2025-07-04T10:19:35+00:00","og_image":[{"url":"http:\/\/www.alinechague.fr\/wp-content\/uploads\/2025\/06\/urgence-psychologique-accompagnement-rapide-1024x682.jpg","type":"","width":"","height":""}],"twitter_card":"summary_large_image","twitter_misc":{"Est. reading time":"3 minutes"},"schema":{"@context":"https:\/\/schema.org","@graph":[{"@type":"WebPage","@id":"https:\/\/www.alinechague.fr\/index.php\/therapie-depression-anxiete-besancon\/","url":"https:\/\/www.alinechague.fr\/index.php\/therapie-depression-anxiete-besancon\/","name":"Th\u00e9rapie pour l\u2019anxi\u00e9t\u00e9 et la d\u00e9pression \u00e0 Besan\u00e7on - Aline Chagu\u00e9","isPartOf":{"@id":"https:\/\/www.alinechague.fr\/#website"},"primaryImageOfPage":{"@id":"https:\/\/www.alinechague.fr\/index.php\/therapie-depression-anxiete-besancon\/#primaryimage"},"image":{"@id":"https:\/\/www.alinechague.fr\/index.php\/therapie-depression-anxiete-besancon\/#primaryimage"},"thumbnailUrl":"http:\/\/www.alinechague.fr\/wp-content\/uploads\/2025\/06\/urgence-psychologique-accompagnement-rapide-1024x682.jpg","datePublished":"2025-05-27T12:43:43+00:00","dateModified":"2025-07-04T10:19:35+00:00","description":"Accompagnement en th\u00e9rapie pour l\u2019anxi\u00e9t\u00e9 et la d\u00e9pression \u00e0 Besan\u00e7on. Aline Chagu\u00e9 vous re\u00e7oit dans un cadre bienveillant et sans jugement.","breadcrumb":{"@id":"https:\/\/www.alinechague.fr\/index.php\/therapie-depression-anxiete-besancon\/#breadcrumb"},"inLanguage":"en-US","potentialAction":[{"@type":"ReadAction","target":["https:\/\/www.alinechague.fr\/index.php\/therapie-depression-anxiete-besancon\/"]}]},{"@type":"ImageObject","inLanguage":"en-US","@id":"https:\/\/www.alinechague.fr\/index.php\/therapie-depression-anxiete-besancon\/#primaryimage","url":"https:\/\/www.alinechague.fr\/wp-content\/uploads\/2025\/06\/urgence-psychologique-accompagnement-rapide.jpg","contentUrl":"https:\/\/www.alinechague.fr\/wp-content\/uploads\/2025\/06\/urgence-psychologique-accompagnement-rapide.jpg","width":2001,"height":1333,"caption":"Un lieu s\u00e9curisant pour exprimer ses \u00e9motions librement, sans peur du jugement"},{"@type":"BreadcrumbList","@id":"https:\/\/www.alinechague.fr\/index.php\/therapie-depression-anxiete-besancon\/#breadcrumb","itemListElement":[{"@type":"ListItem","position":1,"name":"Accueil","item":"https:\/\/www.alinechague.fr\/"},{"@type":"ListItem","position":2,"name":"Th\u00e9rapie pour l\u2019anxi\u00e9t\u00e9 et la d\u00e9pression \u00e0 Besan\u00e7on"}]},{"@type":"WebSite","@id":"https:\/\/www.alinechague.fr\/#website","url":"https:\/\/www.alinechague.fr\/","name":"Aline Chagu\u00e9 - Psychopraticienne \u00e0 Besan\u00e7on","description":"Psychopraticienne","publisher":{"@id":"https:\/\/www.alinechague.fr\/#\/schema\/person\/30b5e4312cd21710a358ee2f45152f73"},"potentialAction":[{"@type":"SearchAction","target":{"@type":"EntryPoint","urlTemplate":"https:\/\/www.alinechague.fr\/?s={search_term_string}"},"query-input":{"@type":"PropertyValueSpecification","valueRequired":true,"valueName":"search_term_string"}}],"inLanguage":"en-US"},{"@type":["Person","Organization"],"@id":"https:\/\/www.alinechague.fr\/#\/schema\/person\/30b5e4312cd21710a358ee2f45152f73","name":"admin6596","image":{"@type":"ImageObject","inLanguage":"en-US","@id":"https:\/\/www.alinechague.fr\/wp-content\/uploads\/2025\/05\/cropped-Logo-noir.png","url":"https:\/\/www.alinechague.fr\/wp-content\/uploads\/2025\/05\/cropped-Logo-noir.png","contentUrl":"https:\/\/www.alinechague.fr\/wp-content\/uploads\/2025\/05\/cropped-Logo-noir.png","width":512,"height":512,"caption":"admin6596"},"logo":{"@id":"https:\/\/www.alinechague.fr\/wp-content\/uploads\/2025\/05\/cropped-Logo-noir.png"},"sameAs":["http:\/\/www.alinechague.fr"]}]}},"jetpack_sharing_enabled":true,"_links":{"self":[{"href":"https:\/\/www.alinechague.fr\/index.php\/wp-json\/wp\/v2\/pages\/51","targetHints":{"allow":["GET"]}}],"collection":[{"href":"https:\/\/www.alinechague.fr\/index.php\/wp-json\/wp\/v2\/pages"}],"about":[{"href":"https:\/\/www.alinechague.fr\/index.php\/wp-json\/wp\/v2\/types\/page"}],"author":[{"embeddable":true,"href":"https:\/\/www.alinechague.fr\/index.php\/wp-json\/wp\/v2\/users\/1"}],"replies":[{"embeddable":true,"href":"https:\/\/www.alinechague.fr\/index.php\/wp-json\/wp\/v2\/comments?post=51"}],"version-history":[{"count":80,"href":"https:\/\/www.alinechague.fr\/index.php\/wp-json\/wp\/v2\/pages\/51\/revisions"}],"predecessor-version":[{"id":593,"href":"https:\/\/www.alinechague.fr\/index.php\/wp-json\/wp\/v2\/pages\/51\/revisions\/593"}],"wp:attachment":[{"href":"https:\/\/www.alinechague.fr\/index.php\/wp-json\/wp\/v2\/media?parent=51"}],"curies":[{"name":"wp","href":"https:\/\/api.w.org\/{rel}","templated":true}]}}