{"id":55,"date":"2025-05-27T14:45:21","date_gmt":"2025-05-27T12:45:21","guid":{"rendered":"https:\/\/www.alinechague.fr\/?page_id=55"},"modified":"2025-07-02T15:03:13","modified_gmt":"2025-07-02T13:03:13","slug":"therapie-cognitive-comportementale-besancon","status":"publish","type":"page","link":"https:\/\/www.alinechague.fr\/index.php\/therapie-cognitive-comportementale-besancon\/","title":{"rendered":"Th\u00e9rapie cognitive et comportementale (TCC) \u00e0 Besan\u00e7on"},"content":{"rendered":"\t\t<div data-elementor-type=\"wp-page\" data-elementor-id=\"55\" class=\"elementor elementor-55\">\n\t\t\t\t<div class=\"elementor-element elementor-element-0698e44 e-flex e-con-boxed e-con e-parent\" data-id=\"0698e44\" data-element_type=\"container\" data-e-type=\"container\">\n\t\t\t\t\t<div class=\"e-con-inner\">\n\t\t\t\t<div class=\"elementor-element elementor-element-ee4a57b elementor-widget elementor-widget-heading\" data-id=\"ee4a57b\" data-element_type=\"widget\" data-e-type=\"widget\" data-widget_type=\"heading.default\">\n\t\t\t\t<div class=\"elementor-widget-container\">\n\t\t\t\t\t<h3 class=\"elementor-heading-title elementor-size-default\">Tout ce que l\u2019on embrasse s\u2019efface, tout ce \u00e0 quoi l\u2019on r\u00e9siste persiste. (Carl Jung)<\/h3>\t\t\t\t<\/div>\n\t\t\t\t<\/div>\n\t\t\t\t\t<\/div>\n\t\t\t\t<\/div>\n\t\t<div class=\"elementor-element elementor-element-e4a6521 e-flex e-con-boxed e-con e-parent\" data-id=\"e4a6521\" data-element_type=\"container\" data-e-type=\"container\">\n\t\t\t\t\t<div class=\"e-con-inner\">\n\t\t\t\t<div class=\"elementor-element elementor-element-158cfeb elementor-widget elementor-widget-text-editor\" data-id=\"158cfeb\" data-element_type=\"widget\" data-e-type=\"widget\" data-widget_type=\"text-editor.default\">\n\t\t\t\t<div class=\"elementor-widget-container\">\n\t\t\t\t\t\t\t\t\t<p class=\"Normal tm9\"><strong><span class=\"tm6\">Qu&#8217;est-ce que la TCC ? <\/span><\/strong><\/p><p class=\"Normal tm9\"><span class=\"tm6\"><strong>La th\u00e9rapie cognitive et comportementale (TCC) est<\/strong> <strong>une approche particuli\u00e8rement efficace dans l\u2019accompagnement des addictions.<\/strong> Elle aide \u00e0 identifier et modifier les pens\u00e9es et comportements qui entretiennent la d\u00e9pendance, tout <strong>en d\u00e9veloppant des strat\u00e9gies concr\u00e8tes pour mieux g\u00e9rer<\/strong> les envies, les situations \u00e0 risque et les re consommations.<\/span><\/p><p><strong>Elle est particuli\u00e8rement indiqu\u00e9e pour :<\/strong><\/p><ul><li>les troubles anxieux,<\/li><li>la d\u00e9pression,<\/li><li>les troubles obsessionnels compulsifs (TOC),<\/li><li>les phobies,<\/li><li>le stress<\/li><li>les troubles du comportement alimentaire (TCA).<\/li><\/ul><p>Gr\u00e2ce \u00e0 des techniques concr\u00e8tes et adapt\u00e9es, elle aide \u00e0 mieux g\u00e9rer les \u00e9motions, \u00e0 renforcer les comp\u00e9tences d\u2019adaptation et \u00e0 retrouver un \u00e9quilibre au quotidien.<\/p>\t\t\t\t\t\t\t\t<\/div>\n\t\t\t\t<\/div>\n\t\t\t\t\t<\/div>\n\t\t\t\t<\/div>\n\t\t<div class=\"elementor-element elementor-element-7a77078 e-flex e-con-boxed e-con e-parent\" data-id=\"7a77078\" data-element_type=\"container\" data-e-type=\"container\">\n\t\t\t\t\t<div class=\"e-con-inner\">\n\t\t\t\t<div class=\"elementor-element elementor-element-c6bab87 elementor-widget-divider--separator-type-pattern elementor-widget-divider--view-line elementor-widget elementor-widget-divider\" data-id=\"c6bab87\" data-element_type=\"widget\" data-e-type=\"widget\" data-widget_type=\"divider.default\">\n\t\t\t\t<div class=\"elementor-widget-container\">\n\t\t\t\t\t\t\t<div class=\"elementor-divider\" style=\"--divider-pattern-url: url(&quot;data:image\/svg+xml,%3Csvg xmlns=&#039;http:\/\/www.w3.org\/2000\/svg&#039; preserveAspectRatio=&#039;none&#039; overflow=&#039;visible&#039; height=&#039;100%&#039; viewBox=&#039;0 0 24 24&#039; fill=&#039;black&#039; stroke=&#039;none&#039;%3E%3Cpath d=&#039;M12.7,2.3c-0.4-0.4-1.1-0.4-1.5,0l-8,9.1c-0.3,0.4-0.3,0.9,0,1.2l8,9.1c0.4,0.4,1.1,0.4,1.5,0l8-9.1c0.3-0.4,0.3-0.9,0-1.2L12.7,2.3z&#039;\/%3E%3C\/svg%3E&quot;);\">\n\t\t\t<span class=\"elementor-divider-separator\">\n\t\t\t\t\t\t<\/span>\n\t\t<\/div>\n\t\t\t\t\t\t<\/div>\n\t\t\t\t<\/div>\n\t\t\t\t\t<\/div>\n\t\t\t\t<\/div>\n\t\t<div class=\"elementor-element elementor-element-af3fbc2 e-flex e-con-boxed e-con e-parent\" data-id=\"af3fbc2\" data-element_type=\"container\" data-e-type=\"container\">\n\t\t\t\t\t<div class=\"e-con-inner\">\n\t\t\t\t<div class=\"elementor-element elementor-element-554aeae elementor-widget elementor-widget-text-editor\" data-id=\"554aeae\" data-element_type=\"widget\" data-e-type=\"widget\" data-widget_type=\"text-editor.default\">\n\t\t\t\t<div class=\"elementor-widget-container\">\n\t\t\t\t\t\t\t\t\t<p class=\"Normal tm9\"><strong><span class=\"tm6\">Dans le cadre de la modification d&#8217;un comportement ou d&#8217;une addiction <\/span><\/strong><\/p><p class=\"Normal tm9\"><span class=\"tm6\">Gr\u00e2ce \u00e0 la TCC, <strong>il est possible d\u2019apprendre \u00e0 rep\u00e9rer les d\u00e9clencheurs de la consommation,<\/strong> \u00e0 renforcer sa capacit\u00e9 \u00e0 y faire face autrement et <strong>\u00e0 instaurer de nouveaux modes de fonctionnement plus adapt\u00e9s.<\/strong> Cette approche est flexible et s\u2019adapte aussi bien aux objectifs de r\u00e9duction de consommation qu\u2019\u00e0 l\u2019arr\u00eat total, en fonction des besoins et des choix de chacun. <\/span><\/p>\t\t\t\t\t\t\t\t<\/div>\n\t\t\t\t<\/div>\n\t\t\t\t\t<\/div>\n\t\t\t\t<\/div>\n\t\t<div class=\"elementor-element elementor-element-d5b7efa e-flex e-con-boxed e-con e-parent\" data-id=\"d5b7efa\" data-element_type=\"container\" data-e-type=\"container\">\n\t\t\t\t\t<div class=\"e-con-inner\">\n\t\t\t\t<div class=\"elementor-element elementor-element-d7b410e elementor-widget elementor-widget-heading\" data-id=\"d7b410e\" data-element_type=\"widget\" data-e-type=\"widget\" data-widget_type=\"heading.default\">\n\t\t\t\t<div class=\"elementor-widget-container\">\n\t\t\t\t\t<h2 class=\"elementor-heading-title elementor-size-default\">Je connais l'efficacit\u00e9 de la m\u00e9thode TCC<\/h2>\t\t\t\t<\/div>\n\t\t\t\t<\/div>\n\t\t\t\t\t<\/div>\n\t\t\t\t<\/div>\n\t\t<div class=\"elementor-element elementor-element-e667e09 e-flex e-con-boxed e-con e-parent\" data-id=\"e667e09\" data-element_type=\"container\" data-e-type=\"container\">\n\t\t\t\t\t<div class=\"e-con-inner\">\n\t\t<div class=\"elementor-element elementor-element-35f8111 e-con-full e-flex e-con e-child\" data-id=\"35f8111\" data-element_type=\"container\" data-e-type=\"container\">\n\t\t\t\t<div class=\"elementor-element elementor-element-ed46807 elementor-widget elementor-widget-image\" data-id=\"ed46807\" data-element_type=\"widget\" data-e-type=\"widget\" data-widget_type=\"image.default\">\n\t\t\t\t<div class=\"elementor-widget-container\">\n\t\t\t\t\t\t\t\t\t\t\t\t\t\t\t<img fetchpriority=\"high\" decoding=\"async\" width=\"640\" height=\"958\" src=\"https:\/\/www.alinechague.fr\/wp-content\/uploads\/2025\/06\/mal-etre-addiction-motivation-reconstruction-aline-chague-1-684x1024.jpg\" class=\"attachment-large size-large wp-image-514\" alt=\"Portrait d\u2019Aline Chagu\u00e9, psychopraticienne sp\u00e9cialis\u00e9e en TCC \u00e0 Besan\u00e7on\" srcset=\"https:\/\/www.alinechague.fr\/wp-content\/uploads\/2025\/06\/mal-etre-addiction-motivation-reconstruction-aline-chague-1-684x1024.jpg 684w, https:\/\/www.alinechague.fr\/wp-content\/uploads\/2025\/06\/mal-etre-addiction-motivation-reconstruction-aline-chague-1-200x300.jpg 200w, https:\/\/www.alinechague.fr\/wp-content\/uploads\/2025\/06\/mal-etre-addiction-motivation-reconstruction-aline-chague-1-768x1150.jpg 768w, https:\/\/www.alinechague.fr\/wp-content\/uploads\/2025\/06\/mal-etre-addiction-motivation-reconstruction-aline-chague-1.jpg 1000w\" sizes=\"(max-width: 640px) 100vw, 640px\" \/>\t\t\t\t\t\t\t\t\t\t\t\t\t\t\t<\/div>\n\t\t\t\t<\/div>\n\t\t\t\t<\/div>\n\t\t<div class=\"elementor-element elementor-element-64092f7 e-con-full e-flex e-con e-child\" data-id=\"64092f7\" data-element_type=\"container\" data-e-type=\"container\">\n\t\t\t\t<div class=\"elementor-element elementor-element-c2b12a9 elementor-widget elementor-widget-text-editor\" data-id=\"c2b12a9\" data-element_type=\"widget\" data-e-type=\"widget\" data-widget_type=\"text-editor.default\">\n\t\t\t\t<div class=\"elementor-widget-container\">\n\t\t\t\t\t\t\t\t\t<p><span class=\"tm6\"><strong>La TCC est une approche qui est efficace et scientifiquement valid\u00e9e<\/strong> \u00e9galement dans l\u2019accompagnement de divers troubles de la sant\u00e9 mentale. <\/span><\/p><p><span class=\"tm6\">Elle repose sur l\u2019id\u00e9e que <strong>nos pens\u00e9es, nos \u00e9motions et nos comportements sont \u00e9troitement li\u00e9s. <\/strong><\/span><\/p><p><span class=\"tm6\">En travaillant sur ces interactions, <strong>la TCC permet d\u2019identifier et de modifier les sch\u00e9mas de pens\u00e9e n\u00e9gatifs ou inadapt\u00e9s qui entretiennent la souffrance psychologique.\u00a0<\/strong><\/span><\/p>\t\t\t\t\t\t\t\t<\/div>\n\t\t\t\t<\/div>\n\t\t\t\t<\/div>\n\t\t\t\t\t<\/div>\n\t\t\t\t<\/div>\n\t\t<div class=\"elementor-element elementor-element-81b0acf e-flex e-con-boxed e-con e-parent\" data-id=\"81b0acf\" data-element_type=\"container\" data-e-type=\"container\">\n\t\t\t\t\t<div class=\"e-con-inner\">\n\t\t<div class=\"elementor-element elementor-element-1abc23d e-con-full e-flex e-con e-child\" data-id=\"1abc23d\" data-element_type=\"container\" data-e-type=\"container\">\n\t\t\t\t<div class=\"elementor-element elementor-element-98b4dc0 elementor-widget-divider--separator-type-pattern elementor-widget-divider--view-line elementor-widget elementor-widget-divider\" data-id=\"98b4dc0\" data-element_type=\"widget\" data-e-type=\"widget\" data-widget_type=\"divider.default\">\n\t\t\t\t<div class=\"elementor-widget-container\">\n\t\t\t\t\t\t\t<div class=\"elementor-divider\" style=\"--divider-pattern-url: url(&quot;data:image\/svg+xml,%3Csvg xmlns=&#039;http:\/\/www.w3.org\/2000\/svg&#039; preserveAspectRatio=&#039;none&#039; overflow=&#039;visible&#039; height=&#039;100%&#039; viewBox=&#039;0 0 24 24&#039; fill=&#039;black&#039; stroke=&#039;none&#039;%3E%3Cpath d=&#039;M12.7,2.3c-0.4-0.4-1.1-0.4-1.5,0l-8,9.1c-0.3,0.4-0.3,0.9,0,1.2l8,9.1c0.4,0.4,1.1,0.4,1.5,0l8-9.1c0.3-0.4,0.3-0.9,0-1.2L12.7,2.3z&#039;\/%3E%3C\/svg%3E&quot;);\">\n\t\t\t<span class=\"elementor-divider-separator\">\n\t\t\t\t\t\t<\/span>\n\t\t<\/div>\n\t\t\t\t\t\t<\/div>\n\t\t\t\t<\/div>\n\t\t\t\t<\/div>\n\t\t\t\t\t<\/div>\n\t\t\t\t<\/div>\n\t\t<div class=\"elementor-element elementor-element-7c33ddf e-flex e-con-boxed e-con e-parent\" data-id=\"7c33ddf\" data-element_type=\"container\" data-e-type=\"container\">\n\t\t\t\t\t<div class=\"e-con-inner\">\n\t\t\t\t<div class=\"elementor-element elementor-element-71215b8 elementor-widget elementor-widget-heading\" data-id=\"71215b8\" data-element_type=\"widget\" data-e-type=\"widget\" data-widget_type=\"heading.default\">\n\t\t\t\t<div class=\"elementor-widget-container\">\n\t\t\t\t\t<h2 class=\"elementor-heading-title elementor-size-default\">Pourquoi je peux vous  proposer cette approche th\u00e9rapeutique ?<\/h2>\t\t\t\t<\/div>\n\t\t\t\t<\/div>\n\t\t\t\t\t<\/div>\n\t\t\t\t<\/div>\n\t\t<div class=\"elementor-element elementor-element-f2d4949 e-flex e-con-boxed e-con e-parent\" data-id=\"f2d4949\" data-element_type=\"container\" data-e-type=\"container\">\n\t\t\t\t\t<div class=\"e-con-inner\">\n\t\t\t\t<div class=\"elementor-element elementor-element-0f96a06 elementor-widget elementor-widget-text-editor\" data-id=\"0f96a06\" data-element_type=\"widget\" data-e-type=\"widget\" data-widget_type=\"text-editor.default\">\n\t\t\t\t<div class=\"elementor-widget-container\">\n\t\t\t\t\t\t\t\t\t<p>J&#8217;ai fait <strong>une formation \u00e0 l&#8217;Ifort de Roubaix afin d&#8217;obtenir des comp\u00e9tences en th\u00e9rapie cognitive et comportementale.<\/strong> Ces comp\u00e9tences sont certifi\u00e9es et n\u00e9cessaires afin de vous accompagner au mieux dans votre parcours jusqu&#8217;au mieux-\u00eatre.<\/p>\t\t\t\t\t\t\t\t<\/div>\n\t\t\t\t<\/div>\n\t\t\t\t\t<\/div>\n\t\t\t\t<\/div>\n\t\t<div class=\"elementor-element elementor-element-4628eb7 e-flex e-con-boxed e-con e-parent\" data-id=\"4628eb7\" data-element_type=\"container\" data-e-type=\"container\">\n\t\t\t\t\t<div class=\"e-con-inner\">\n\t\t<div class=\"elementor-element elementor-element-234bcd9 e-con-full e-flex e-con e-child\" data-id=\"234bcd9\" data-element_type=\"container\" data-e-type=\"container\">\n\t\t\t\t<div class=\"elementor-element elementor-element-cae9d35 elementor-widget elementor-widget-heading\" data-id=\"cae9d35\" data-element_type=\"widget\" data-e-type=\"widget\" data-widget_type=\"heading.default\">\n\t\t\t\t<div class=\"elementor-widget-container\">\n\t\t\t\t\t<h3 class=\"elementor-heading-title elementor-size-default\">Pr\u00eat \u00e0 essayer ?<\/h3>\t\t\t\t<\/div>\n\t\t\t\t<\/div>\n\t\t\t\t<\/div>\n\t\t\t\t\t<\/div>\n\t\t\t\t<\/div>\n\t\t<div class=\"elementor-element elementor-element-b863b94 e-flex e-con-boxed e-con e-parent\" data-id=\"b863b94\" data-element_type=\"container\" data-e-type=\"container\">\n\t\t\t\t\t<div class=\"e-con-inner\">\n\t\t\t\t<div class=\"elementor-element elementor-element-484ac24 elementor-button-info elementor-align-center elementor-widget elementor-widget-button\" data-id=\"484ac24\" data-element_type=\"widget\" data-e-type=\"widget\" data-widget_type=\"button.default\">\n\t\t\t\t<div class=\"elementor-widget-container\">\n\t\t\t\t\t\t\t\t\t<div class=\"elementor-button-wrapper\">\n\t\t\t\t\t<a class=\"elementor-button elementor-button-link elementor-size-sm\" href=\"https:\/\/www.resalib.fr\/praticien\/106860-aline-chague-psychopraticien-besancon\" target=\"_blank\">\n\t\t\t\t\t\t<span class=\"elementor-button-content-wrapper\">\n\t\t\t\t\t\t\t\t\t<span class=\"elementor-button-text\">Prendre rendez-vous<\/span>\n\t\t\t\t\t<\/span>\n\t\t\t\t\t<\/a>\n\t\t\t\t<\/div>\n\t\t\t\t\t\t\t\t<\/div>\n\t\t\t\t<\/div>\n\t\t\t\t\t<\/div>\n\t\t\t\t<\/div>\n\t\t\t\t<\/div>\n\t\t","protected":false},"excerpt":{"rendered":"<p>Tout ce que l\u2019on embrasse s\u2019efface, tout ce \u00e0 quoi l\u2019on r\u00e9siste persiste. (Carl Jung) Qu&#8217;est-ce que la TCC ? La th\u00e9rapie cognitive et&#8230;<\/p>\n","protected":false},"author":1,"featured_media":0,"parent":0,"menu_order":0,"comment_status":"closed","ping_status":"closed","template":"","meta":{"footnotes":""},"class_list":["post-55","page","type-page","status-publish","hentry"],"yoast_head":"<!-- This site is optimized with the Yoast SEO plugin v27.2 - https:\/\/yoast.com\/product\/yoast-seo-wordpress\/ -->\n<title>Th\u00e9rapie cognitive et comportementale (TCC) \u00e0 Besan\u00e7on - Aline Chagu\u00e9<\/title>\n<meta name=\"description\" content=\"D\u00e9couvrez la TCC avec Aline Chagu\u00e9 \u00e0 Besan\u00e7on : une th\u00e9rapie br\u00e8ve et structur\u00e9e pour apaiser anxi\u00e9t\u00e9, d\u00e9pression, addictions et sch\u00e9mas r\u00e9p\u00e9titifs.\" \/>\n<meta name=\"robots\" content=\"index, follow, max-snippet:-1, max-image-preview:large, max-video-preview:-1\" \/>\n<link rel=\"canonical\" href=\"https:\/\/www.alinechague.fr\/index.php\/therapie-cognitive-comportementale-besancon\/\" \/>\n<meta property=\"og:locale\" content=\"en_US\" \/>\n<meta property=\"og:type\" content=\"article\" \/>\n<meta property=\"og:title\" content=\"Th\u00e9rapie cognitive et comportementale (TCC) \u00e0 Besan\u00e7on - Aline Chagu\u00e9\" \/>\n<meta property=\"og:description\" content=\"D\u00e9couvrez la TCC avec Aline Chagu\u00e9 \u00e0 Besan\u00e7on : une th\u00e9rapie br\u00e8ve et structur\u00e9e pour apaiser anxi\u00e9t\u00e9, d\u00e9pression, addictions et sch\u00e9mas r\u00e9p\u00e9titifs.\" \/>\n<meta property=\"og:url\" content=\"https:\/\/www.alinechague.fr\/index.php\/therapie-cognitive-comportementale-besancon\/\" \/>\n<meta property=\"og:site_name\" content=\"Aline Chagu\u00e9\" \/>\n<meta property=\"article:modified_time\" content=\"2025-07-02T13:03:13+00:00\" \/>\n<meta property=\"og:image\" content=\"http:\/\/www.alinechague.fr\/wp-content\/uploads\/2025\/06\/mal-etre-addiction-motivation-reconstruction-aline-chague-1-684x1024.jpg\" \/>\n<meta name=\"twitter:card\" content=\"summary_large_image\" \/>\n<meta name=\"twitter:label1\" content=\"Est. reading time\" \/>\n\t<meta name=\"twitter:data1\" content=\"2 minutes\" \/>\n<script type=\"application\/ld+json\" class=\"yoast-schema-graph\">{\"@context\":\"https:\/\/schema.org\",\"@graph\":[{\"@type\":\"WebPage\",\"@id\":\"https:\/\/www.alinechague.fr\/index.php\/therapie-cognitive-comportementale-besancon\/\",\"url\":\"https:\/\/www.alinechague.fr\/index.php\/therapie-cognitive-comportementale-besancon\/\",\"name\":\"Th\u00e9rapie cognitive et comportementale (TCC) \u00e0 Besan\u00e7on - Aline Chagu\u00e9\",\"isPartOf\":{\"@id\":\"https:\/\/www.alinechague.fr\/#website\"},\"primaryImageOfPage\":{\"@id\":\"https:\/\/www.alinechague.fr\/index.php\/therapie-cognitive-comportementale-besancon\/#primaryimage\"},\"image\":{\"@id\":\"https:\/\/www.alinechague.fr\/index.php\/therapie-cognitive-comportementale-besancon\/#primaryimage\"},\"thumbnailUrl\":\"http:\/\/www.alinechague.fr\/wp-content\/uploads\/2025\/06\/mal-etre-addiction-motivation-reconstruction-aline-chague-1-684x1024.jpg\",\"datePublished\":\"2025-05-27T12:45:21+00:00\",\"dateModified\":\"2025-07-02T13:03:13+00:00\",\"description\":\"D\u00e9couvrez la TCC avec Aline Chagu\u00e9 \u00e0 Besan\u00e7on : une th\u00e9rapie br\u00e8ve et structur\u00e9e pour apaiser anxi\u00e9t\u00e9, d\u00e9pression, addictions et sch\u00e9mas r\u00e9p\u00e9titifs.\",\"breadcrumb\":{\"@id\":\"https:\/\/www.alinechague.fr\/index.php\/therapie-cognitive-comportementale-besancon\/#breadcrumb\"},\"inLanguage\":\"en-US\",\"potentialAction\":[{\"@type\":\"ReadAction\",\"target\":[\"https:\/\/www.alinechague.fr\/index.php\/therapie-cognitive-comportementale-besancon\/\"]}]},{\"@type\":\"ImageObject\",\"inLanguage\":\"en-US\",\"@id\":\"https:\/\/www.alinechague.fr\/index.php\/therapie-cognitive-comportementale-besancon\/#primaryimage\",\"url\":\"http:\/\/www.alinechague.fr\/wp-content\/uploads\/2025\/06\/mal-etre-addiction-motivation-reconstruction-aline-chague-1-684x1024.jpg\",\"contentUrl\":\"http:\/\/www.alinechague.fr\/wp-content\/uploads\/2025\/06\/mal-etre-addiction-motivation-reconstruction-aline-chague-1-684x1024.jpg\"},{\"@type\":\"BreadcrumbList\",\"@id\":\"https:\/\/www.alinechague.fr\/index.php\/therapie-cognitive-comportementale-besancon\/#breadcrumb\",\"itemListElement\":[{\"@type\":\"ListItem\",\"position\":1,\"name\":\"Accueil\",\"item\":\"https:\/\/www.alinechague.fr\/\"},{\"@type\":\"ListItem\",\"position\":2,\"name\":\"Th\u00e9rapie cognitive et comportementale (TCC) \u00e0 Besan\u00e7on\"}]},{\"@type\":\"WebSite\",\"@id\":\"https:\/\/www.alinechague.fr\/#website\",\"url\":\"https:\/\/www.alinechague.fr\/\",\"name\":\"Aline Chagu\u00e9 - Psychopraticienne \u00e0 Besan\u00e7on\",\"description\":\"Psychopraticienne\",\"publisher\":{\"@id\":\"https:\/\/www.alinechague.fr\/#\/schema\/person\/30b5e4312cd21710a358ee2f45152f73\"},\"potentialAction\":[{\"@type\":\"SearchAction\",\"target\":{\"@type\":\"EntryPoint\",\"urlTemplate\":\"https:\/\/www.alinechague.fr\/?s={search_term_string}\"},\"query-input\":{\"@type\":\"PropertyValueSpecification\",\"valueRequired\":true,\"valueName\":\"search_term_string\"}}],\"inLanguage\":\"en-US\"},{\"@type\":[\"Person\",\"Organization\"],\"@id\":\"https:\/\/www.alinechague.fr\/#\/schema\/person\/30b5e4312cd21710a358ee2f45152f73\",\"name\":\"admin6596\",\"image\":{\"@type\":\"ImageObject\",\"inLanguage\":\"en-US\",\"@id\":\"https:\/\/www.alinechague.fr\/wp-content\/uploads\/2025\/05\/cropped-Logo-noir.png\",\"url\":\"https:\/\/www.alinechague.fr\/wp-content\/uploads\/2025\/05\/cropped-Logo-noir.png\",\"contentUrl\":\"https:\/\/www.alinechague.fr\/wp-content\/uploads\/2025\/05\/cropped-Logo-noir.png\",\"width\":512,\"height\":512,\"caption\":\"admin6596\"},\"logo\":{\"@id\":\"https:\/\/www.alinechague.fr\/wp-content\/uploads\/2025\/05\/cropped-Logo-noir.png\"},\"sameAs\":[\"http:\/\/www.alinechague.fr\"]}]}<\/script>\n<!-- \/ Yoast SEO plugin. -->","yoast_head_json":{"title":"Th\u00e9rapie cognitive et comportementale (TCC) \u00e0 Besan\u00e7on - Aline Chagu\u00e9","description":"D\u00e9couvrez la TCC avec Aline Chagu\u00e9 \u00e0 Besan\u00e7on : une th\u00e9rapie br\u00e8ve et structur\u00e9e pour apaiser anxi\u00e9t\u00e9, d\u00e9pression, addictions et sch\u00e9mas r\u00e9p\u00e9titifs.","robots":{"index":"index","follow":"follow","max-snippet":"max-snippet:-1","max-image-preview":"max-image-preview:large","max-video-preview":"max-video-preview:-1"},"canonical":"https:\/\/www.alinechague.fr\/index.php\/therapie-cognitive-comportementale-besancon\/","og_locale":"en_US","og_type":"article","og_title":"Th\u00e9rapie cognitive et comportementale (TCC) \u00e0 Besan\u00e7on - Aline Chagu\u00e9","og_description":"D\u00e9couvrez la TCC avec Aline Chagu\u00e9 \u00e0 Besan\u00e7on : une th\u00e9rapie br\u00e8ve et structur\u00e9e pour apaiser anxi\u00e9t\u00e9, d\u00e9pression, addictions et sch\u00e9mas r\u00e9p\u00e9titifs.","og_url":"https:\/\/www.alinechague.fr\/index.php\/therapie-cognitive-comportementale-besancon\/","og_site_name":"Aline Chagu\u00e9","article_modified_time":"2025-07-02T13:03:13+00:00","og_image":[{"url":"http:\/\/www.alinechague.fr\/wp-content\/uploads\/2025\/06\/mal-etre-addiction-motivation-reconstruction-aline-chague-1-684x1024.jpg","type":"","width":"","height":""}],"twitter_card":"summary_large_image","twitter_misc":{"Est. reading time":"2 minutes"},"schema":{"@context":"https:\/\/schema.org","@graph":[{"@type":"WebPage","@id":"https:\/\/www.alinechague.fr\/index.php\/therapie-cognitive-comportementale-besancon\/","url":"https:\/\/www.alinechague.fr\/index.php\/therapie-cognitive-comportementale-besancon\/","name":"Th\u00e9rapie cognitive et comportementale (TCC) \u00e0 Besan\u00e7on - Aline Chagu\u00e9","isPartOf":{"@id":"https:\/\/www.alinechague.fr\/#website"},"primaryImageOfPage":{"@id":"https:\/\/www.alinechague.fr\/index.php\/therapie-cognitive-comportementale-besancon\/#primaryimage"},"image":{"@id":"https:\/\/www.alinechague.fr\/index.php\/therapie-cognitive-comportementale-besancon\/#primaryimage"},"thumbnailUrl":"http:\/\/www.alinechague.fr\/wp-content\/uploads\/2025\/06\/mal-etre-addiction-motivation-reconstruction-aline-chague-1-684x1024.jpg","datePublished":"2025-05-27T12:45:21+00:00","dateModified":"2025-07-02T13:03:13+00:00","description":"D\u00e9couvrez la TCC avec Aline Chagu\u00e9 \u00e0 Besan\u00e7on : une th\u00e9rapie br\u00e8ve et structur\u00e9e pour apaiser anxi\u00e9t\u00e9, d\u00e9pression, addictions et sch\u00e9mas r\u00e9p\u00e9titifs.","breadcrumb":{"@id":"https:\/\/www.alinechague.fr\/index.php\/therapie-cognitive-comportementale-besancon\/#breadcrumb"},"inLanguage":"en-US","potentialAction":[{"@type":"ReadAction","target":["https:\/\/www.alinechague.fr\/index.php\/therapie-cognitive-comportementale-besancon\/"]}]},{"@type":"ImageObject","inLanguage":"en-US","@id":"https:\/\/www.alinechague.fr\/index.php\/therapie-cognitive-comportementale-besancon\/#primaryimage","url":"http:\/\/www.alinechague.fr\/wp-content\/uploads\/2025\/06\/mal-etre-addiction-motivation-reconstruction-aline-chague-1-684x1024.jpg","contentUrl":"http:\/\/www.alinechague.fr\/wp-content\/uploads\/2025\/06\/mal-etre-addiction-motivation-reconstruction-aline-chague-1-684x1024.jpg"},{"@type":"BreadcrumbList","@id":"https:\/\/www.alinechague.fr\/index.php\/therapie-cognitive-comportementale-besancon\/#breadcrumb","itemListElement":[{"@type":"ListItem","position":1,"name":"Accueil","item":"https:\/\/www.alinechague.fr\/"},{"@type":"ListItem","position":2,"name":"Th\u00e9rapie cognitive et comportementale (TCC) \u00e0 Besan\u00e7on"}]},{"@type":"WebSite","@id":"https:\/\/www.alinechague.fr\/#website","url":"https:\/\/www.alinechague.fr\/","name":"Aline Chagu\u00e9 - Psychopraticienne \u00e0 Besan\u00e7on","description":"Psychopraticienne","publisher":{"@id":"https:\/\/www.alinechague.fr\/#\/schema\/person\/30b5e4312cd21710a358ee2f45152f73"},"potentialAction":[{"@type":"SearchAction","target":{"@type":"EntryPoint","urlTemplate":"https:\/\/www.alinechague.fr\/?s={search_term_string}"},"query-input":{"@type":"PropertyValueSpecification","valueRequired":true,"valueName":"search_term_string"}}],"inLanguage":"en-US"},{"@type":["Person","Organization"],"@id":"https:\/\/www.alinechague.fr\/#\/schema\/person\/30b5e4312cd21710a358ee2f45152f73","name":"admin6596","image":{"@type":"ImageObject","inLanguage":"en-US","@id":"https:\/\/www.alinechague.fr\/wp-content\/uploads\/2025\/05\/cropped-Logo-noir.png","url":"https:\/\/www.alinechague.fr\/wp-content\/uploads\/2025\/05\/cropped-Logo-noir.png","contentUrl":"https:\/\/www.alinechague.fr\/wp-content\/uploads\/2025\/05\/cropped-Logo-noir.png","width":512,"height":512,"caption":"admin6596"},"logo":{"@id":"https:\/\/www.alinechague.fr\/wp-content\/uploads\/2025\/05\/cropped-Logo-noir.png"},"sameAs":["http:\/\/www.alinechague.fr"]}]}},"jetpack_sharing_enabled":true,"_links":{"self":[{"href":"https:\/\/www.alinechague.fr\/index.php\/wp-json\/wp\/v2\/pages\/55","targetHints":{"allow":["GET"]}}],"collection":[{"href":"https:\/\/www.alinechague.fr\/index.php\/wp-json\/wp\/v2\/pages"}],"about":[{"href":"https:\/\/www.alinechague.fr\/index.php\/wp-json\/wp\/v2\/types\/page"}],"author":[{"embeddable":true,"href":"https:\/\/www.alinechague.fr\/index.php\/wp-json\/wp\/v2\/users\/1"}],"replies":[{"embeddable":true,"href":"https:\/\/www.alinechague.fr\/index.php\/wp-json\/wp\/v2\/comments?post=55"}],"version-history":[{"count":14,"href":"https:\/\/www.alinechague.fr\/index.php\/wp-json\/wp\/v2\/pages\/55\/revisions"}],"predecessor-version":[{"id":572,"href":"https:\/\/www.alinechague.fr\/index.php\/wp-json\/wp\/v2\/pages\/55\/revisions\/572"}],"wp:attachment":[{"href":"https:\/\/www.alinechague.fr\/index.php\/wp-json\/wp\/v2\/media?parent=55"}],"curies":[{"name":"wp","href":"https:\/\/api.w.org\/{rel}","templated":true}]}}