{"id":67,"date":"2025-05-27T14:48:01","date_gmt":"2025-05-27T12:48:01","guid":{"rendered":"https:\/\/www.alinechague.fr\/?page_id=67"},"modified":"2025-07-02T15:01:37","modified_gmt":"2025-07-02T13:01:37","slug":"psychopraticienne-besancon-aline-chague","status":"publish","type":"page","link":"https:\/\/www.alinechague.fr\/index.php\/psychopraticienne-besancon-aline-chague\/","title":{"rendered":"Mon parcours de psychopraticienne \u00e0 Besan\u00e7on"},"content":{"rendered":"\t\t<div data-elementor-type=\"wp-page\" data-elementor-id=\"67\" class=\"elementor elementor-67\">\n\t\t\t\t<div class=\"elementor-element elementor-element-49bad5d e-flex e-con-boxed e-con e-parent\" data-id=\"49bad5d\" data-element_type=\"container\" data-e-type=\"container\">\n\t\t\t\t\t<div class=\"e-con-inner\">\n\t\t\t\t<div class=\"elementor-element elementor-element-00794b3 elementor-widget elementor-widget-heading\" data-id=\"00794b3\" data-element_type=\"widget\" data-e-type=\"widget\" data-widget_type=\"heading.default\">\n\t\t\t\t<div class=\"elementor-widget-container\">\n\t\t\t\t\t<h2 class=\"elementor-heading-title elementor-size-default\">Accompagner votre chemin vers le mieux-\u00eatre<\/h2>\t\t\t\t<\/div>\n\t\t\t\t<\/div>\n\t\t\t\t\t<\/div>\n\t\t\t\t<\/div>\n\t\t<div class=\"elementor-element elementor-element-1fc5ad6 e-flex e-con-boxed e-con e-parent\" data-id=\"1fc5ad6\" data-element_type=\"container\" data-e-type=\"container\">\n\t\t\t\t\t<div class=\"e-con-inner\">\n\t\t<div class=\"elementor-element elementor-element-755e462 e-con-full e-flex e-con e-child\" data-id=\"755e462\" data-element_type=\"container\" data-e-type=\"container\">\n\t\t\t\t<div class=\"elementor-element elementor-element-9703b6b elementor-widget__width-initial elementor-widget elementor-widget-image\" data-id=\"9703b6b\" data-element_type=\"widget\" data-e-type=\"widget\" data-widget_type=\"image.default\">\n\t\t\t\t<div class=\"elementor-widget-container\">\n\t\t\t\t\t\t\t\t\t\t\t\t\t\t\t<img fetchpriority=\"high\" decoding=\"async\" width=\"640\" height=\"958\" src=\"https:\/\/www.alinechague.fr\/wp-content\/uploads\/2025\/06\/mal-etre-psychotherapie-non-jugement-besancon-768x1149.jpg\" class=\"attachment-medium_large size-medium_large wp-image-488\" alt=\"Portrait professionnel d\u2019Aline Chagu\u00e9, psychopraticienne sp\u00e9cialis\u00e9e en sant\u00e9 mentale et addictologie \u00e0 Besan\u00e7on\" srcset=\"https:\/\/www.alinechague.fr\/wp-content\/uploads\/2025\/06\/mal-etre-psychotherapie-non-jugement-besancon-768x1149.jpg 768w, https:\/\/www.alinechague.fr\/wp-content\/uploads\/2025\/06\/mal-etre-psychotherapie-non-jugement-besancon-200x300.jpg 200w, https:\/\/www.alinechague.fr\/wp-content\/uploads\/2025\/06\/mal-etre-psychotherapie-non-jugement-besancon-684x1024.jpg 684w, https:\/\/www.alinechague.fr\/wp-content\/uploads\/2025\/06\/mal-etre-psychotherapie-non-jugement-besancon.jpg 1001w\" sizes=\"(max-width: 640px) 100vw, 640px\" \/>\t\t\t\t\t\t\t\t\t\t\t\t\t\t\t<\/div>\n\t\t\t\t<\/div>\n\t\t\t\t<\/div>\n\t\t<div class=\"elementor-element elementor-element-a67f619 e-con-full e-flex e-con e-child\" data-id=\"a67f619\" data-element_type=\"container\" data-e-type=\"container\">\n\t\t\t\t<div class=\"elementor-element elementor-element-0a3e726 elementor-widget elementor-widget-text-editor\" data-id=\"0a3e726\" data-element_type=\"widget\" data-e-type=\"widget\" data-widget_type=\"text-editor.default\">\n\t\t\t\t<div class=\"elementor-widget-container\">\n\t\t\t\t\t\t\t\t\t<p><strong><span class=\"tm6\">Je m\u2019appelle Aline Chagu\u00e9 et je suis psychopraticienne sp\u00e9cialis\u00e9e en sant\u00e9 mentale et addictologie \u00e0 Besan\u00e7on.<\/span><\/strong><\/p><p><span class=\"tm6\"><strong>Forte de 20 ans d\u2019exp\u00e9rience comme infirmi\u00e8re,<\/strong> dont 13 ans en psychiatrie, j\u2019ai choisi de mettre mon expertise \u00e0 profit pour accompagner des personnes traversant un moment de vie difficile.<\/span><\/p><p><span class=\"tm6\">Infirmi\u00e8re de formation, j\u2019ai <strong>obtenu un dipl\u00f4me universitaire d\u2019addictologie en 2022<\/strong> et j\u2019ai fait une formation pour \u00eatre certifi\u00e9e psychopraticienne avec des comp\u00e9tences en th\u00e9rapie cognitive et comportementale \u00e0 l\u2019Ifort de Roubaix.<\/span><\/p>\t\t\t\t\t\t\t\t<\/div>\n\t\t\t\t<\/div>\n\t\t\t\t<\/div>\n\t\t\t\t\t<\/div>\n\t\t\t\t<\/div>\n\t\t<div class=\"elementor-element elementor-element-027d427 e-flex e-con-boxed e-con e-parent\" data-id=\"027d427\" data-element_type=\"container\" data-e-type=\"container\">\n\t\t\t\t\t<div class=\"e-con-inner\">\n\t\t\t\t<div class=\"elementor-element elementor-element-f8c2e1d elementor-widget elementor-widget-heading\" data-id=\"f8c2e1d\" data-element_type=\"widget\" data-e-type=\"widget\" data-widget_type=\"heading.default\">\n\t\t\t\t<div class=\"elementor-widget-container\">\n\t\t\t\t\t<h2 class=\"elementor-heading-title elementor-size-default\">Mon parcours de formation<\/h2>\t\t\t\t<\/div>\n\t\t\t\t<\/div>\n\t\t\t\t\t<\/div>\n\t\t\t\t<\/div>\n\t\t<div class=\"elementor-element elementor-element-7980ed4 e-flex e-con-boxed e-con e-parent\" data-id=\"7980ed4\" data-element_type=\"container\" data-e-type=\"container\">\n\t\t\t\t\t<div class=\"e-con-inner\">\n\t\t\t\t<div class=\"elementor-element elementor-element-afa39b4 elementor-widget elementor-widget-text-editor\" data-id=\"afa39b4\" data-element_type=\"widget\" data-e-type=\"widget\" data-widget_type=\"text-editor.default\">\n\t\t\t\t<div class=\"elementor-widget-container\">\n\t\t\t\t\t\t\t\t\t<p class=\"Normal tm9\"><span class=\"tm6\">Au cours de mon parcours, j\u2019ai eu l\u2019opportunit\u00e9 de suivre plusieurs formations sp\u00e9cialis\u00e9es qui ont enrichi mes comp\u00e9tences et ma pratique. Notamment des formations sur les troubles de personnalit\u00e9 (borderline par exemple), sur la d\u00e9pression, sur le suicide et sur l\u2019\u00e9ducation th\u00e9rapeutique du patient (ETP). <\/span><\/p>\t\t\t\t\t\t\t\t<\/div>\n\t\t\t\t<\/div>\n\t\t\t\t\t<\/div>\n\t\t\t\t<\/div>\n\t\t<div class=\"elementor-element elementor-element-9f574b7 e-flex e-con-boxed e-con e-parent\" data-id=\"9f574b7\" data-element_type=\"container\" data-e-type=\"container\">\n\t\t\t\t\t<div class=\"e-con-inner\">\n\t\t\t\t<div class=\"elementor-element elementor-element-f1a2186 elementor-view-default elementor-widget elementor-widget-icon\" data-id=\"f1a2186\" data-element_type=\"widget\" data-e-type=\"widget\" data-widget_type=\"icon.default\">\n\t\t\t\t<div class=\"elementor-widget-container\">\n\t\t\t\t\t\t\t<div class=\"elementor-icon-wrapper\">\n\t\t\t<div class=\"elementor-icon\">\n\t\t\t<svg aria-hidden=\"true\" class=\"e-font-icon-svg e-fas-map-marked-alt\" viewBox=\"0 0 576 512\" xmlns=\"http:\/\/www.w3.org\/2000\/svg\"><path d=\"M288 0c-69.59 0-126 56.41-126 126 0 56.26 82.35 158.8 113.9 196.02 6.39 7.54 17.82 7.54 24.2 0C331.65 284.8 414 182.26 414 126 414 56.41 357.59 0 288 0zm0 168c-23.2 0-42-18.8-42-42s18.8-42 42-42 42 18.8 42 42-18.8 42-42 42zM20.12 215.95A32.006 32.006 0 0 0 0 245.66v250.32c0 11.32 11.43 19.06 21.94 14.86L160 448V214.92c-8.84-15.98-16.07-31.54-21.25-46.42L20.12 215.95zM288 359.67c-14.07 0-27.38-6.18-36.51-16.96-19.66-23.2-40.57-49.62-59.49-76.72v182l192 64V266c-18.92 27.09-39.82 53.52-59.49 76.72-9.13 10.77-22.44 16.95-36.51 16.95zm266.06-198.51L416 224v288l139.88-55.95A31.996 31.996 0 0 0 576 426.34V176.02c0-11.32-11.43-19.06-21.94-14.86z\"><\/path><\/svg>\t\t\t<\/div>\n\t\t<\/div>\n\t\t\t\t\t\t<\/div>\n\t\t\t\t<\/div>\n\t\t\t\t\t<\/div>\n\t\t\t\t<\/div>\n\t\t<div class=\"elementor-element elementor-element-9a20cde e-flex e-con-boxed e-con e-parent\" data-id=\"9a20cde\" data-element_type=\"container\" data-e-type=\"container\">\n\t\t\t\t\t<div class=\"e-con-inner\">\n\t\t\t\t<div class=\"elementor-element elementor-element-57aa324 elementor-widget elementor-widget-text-editor\" data-id=\"57aa324\" data-element_type=\"widget\" data-e-type=\"widget\" data-widget_type=\"text-editor.default\">\n\t\t\t\t<div class=\"elementor-widget-container\">\n\t\t\t\t\t\t\t\t\t<p class=\"Normal tm9\"><span class=\"tm6\">Bas\u00e9e \u00e0 Besan\u00e7on, je mets \u00e0 profit mes ann\u00e9es d\u2019expertise en sant\u00e9 mentale pour accompagner les personnes qui traversent des moments de vie difficiles. <\/span><\/p><p class=\"Normal tm9\"><span class=\"tm6\">En effet, j\u2019ai une exp\u00e9rience de plusieurs ann\u00e9es en services de psychiatrie, dont une exp\u00e9rience de plus de cinq ans en h\u00f4pital de jour. J\u2019ai pu y accueillir des patients souffrant de diverses pathologies mentales et\/ou difficult\u00e9s de vie, comme : <\/span><\/p><ul><li class=\"Normal tm9\"><span class=\"tm6\">la d\u00e9pression, les id\u00e9es suicidaires, <\/span><\/li><li class=\"Normal tm9\"><span class=\"tm6\">les troubles de personnalit\u00e9, <\/span><\/li><li class=\"Normal tm9\"><span class=\"tm6\">la perte de confiance en soi, les difficult\u00e9s relationnelles, <\/span><\/li><li class=\"Normal tm9\"><span class=\"tm6\">l\u2019anxi\u00e9t\u00e9 r\u00e9actionnelle, les passages de vie difficiles<\/span><\/li><li class=\"Normal tm9\"><span class=\"tm6\">les difficult\u00e9s addictologiques. <\/span><\/li><\/ul>\t\t\t\t\t\t\t\t<\/div>\n\t\t\t\t<\/div>\n\t\t\t\t\t<\/div>\n\t\t\t\t<\/div>\n\t\t<div class=\"elementor-element elementor-element-a75e6a4 e-flex e-con-boxed e-con e-parent\" data-id=\"a75e6a4\" data-element_type=\"container\" data-e-type=\"container\">\n\t\t\t\t\t<div class=\"e-con-inner\">\n\t\t\t\t<div class=\"elementor-element elementor-element-27385c3 elementor-widget-divider--separator-type-pattern elementor-widget-divider--view-line elementor-widget elementor-widget-divider\" data-id=\"27385c3\" data-element_type=\"widget\" data-e-type=\"widget\" data-widget_type=\"divider.default\">\n\t\t\t\t<div class=\"elementor-widget-container\">\n\t\t\t\t\t\t\t<div class=\"elementor-divider\" style=\"--divider-pattern-url: url(&quot;data:image\/svg+xml,%3Csvg xmlns=&#039;http:\/\/www.w3.org\/2000\/svg&#039; preserveAspectRatio=&#039;none&#039; overflow=&#039;visible&#039; height=&#039;100%&#039; viewBox=&#039;0 0 24 24&#039; fill=&#039;black&#039; stroke=&#039;none&#039;%3E%3Cpath d=&#039;M12.7,2.3c-0.4-0.4-1.1-0.4-1.5,0l-8,9.1c-0.3,0.4-0.3,0.9,0,1.2l8,9.1c0.4,0.4,1.1,0.4,1.5,0l8-9.1c0.3-0.4,0.3-0.9,0-1.2L12.7,2.3z&#039;\/%3E%3C\/svg%3E&quot;);\">\n\t\t\t<span class=\"elementor-divider-separator\">\n\t\t\t\t\t\t<\/span>\n\t\t<\/div>\n\t\t\t\t\t\t<\/div>\n\t\t\t\t<\/div>\n\t\t\t\t\t<\/div>\n\t\t\t\t<\/div>\n\t\t<div class=\"elementor-element elementor-element-12ba0f5 e-flex e-con-boxed e-con e-parent\" data-id=\"12ba0f5\" data-element_type=\"container\" data-e-type=\"container\">\n\t\t\t\t\t<div class=\"e-con-inner\">\n\t\t\t\t<div class=\"elementor-element elementor-element-0f94eea elementor-widget elementor-widget-heading\" data-id=\"0f94eea\" data-element_type=\"widget\" data-e-type=\"widget\" data-widget_type=\"heading.default\">\n\t\t\t\t<div class=\"elementor-widget-container\">\n\t\t\t\t\t<h2 class=\"elementor-heading-title elementor-size-default\">Ma mission en milieu hospitalier<\/h2>\t\t\t\t<\/div>\n\t\t\t\t<\/div>\n\t\t\t\t\t<\/div>\n\t\t\t\t<\/div>\n\t\t<div class=\"elementor-element elementor-element-5abe9b6 e-flex e-con-boxed e-con e-parent\" data-id=\"5abe9b6\" data-element_type=\"container\" data-e-type=\"container\">\n\t\t\t\t\t<div class=\"e-con-inner\">\n\t\t\t\t<div class=\"elementor-element elementor-element-c6af241 elementor-widget elementor-widget-text-editor\" data-id=\"c6af241\" data-element_type=\"widget\" data-e-type=\"widget\" data-widget_type=\"text-editor.default\">\n\t\t\t\t<div class=\"elementor-widget-container\">\n\t\t\t\t\t\t\t\t\t<p>Je travaille \u00e0 mi-temps au centre hospitalier sp\u00e9cialis\u00e9 de Novillars dans un service accueillant des patients souffrant de troubles de l\u2019humeur ou d\u2019addiction, o\u00f9 je r\u00e9alise des entretiens d\u2019aide et des s\u00e9ances d\u2019\u00e9ducation th\u00e9rapeutique du patient en collaboration avec une \u00e9quipe pluriprofessionnelle sp\u00e9cialis\u00e9e.<\/p><p class=\"Normal tm9\"><span class=\"tm6\">J\u2019ai \u00e9galement r\u00e9alis\u00e9 des consultations de post-urgence, qui me permettent aujourd\u2019hui de reconna\u00eetre les signaux d\u2019alerte qui indiquent la n\u00e9cessit\u00e9 d\u2019une action imm\u00e9diate, c\u2019est pourquoi je m\u2019engage \u00e0 vous accompagner vers un autre professionnel si n\u00e9cessaire, pour un traitement ou un suivi psychologique adapt\u00e9 \u00e0 vos besoins. Un suivi avec moi ne peut pas remplacer l\u2019expertise d\u2019un psychiatre ou d\u2019un psychologue, qui peut \u00eatre n\u00e9cessaire selon votre situation. <\/span><\/p><p class=\"Normal tm9\"><span class=\"tm6\">N\u00e9anmoins, je suis en mesure de vous offrir un accompagnement en parall\u00e8le, qui pourrait s\u2019av\u00e9rer plus rapproch\u00e9 et adapt\u00e9 \u00e0 votre situation.\u00a0<\/span><\/p><p><span class=\"tm6\">Mon objectif est de vous offrir un espace d\u2019\u00e9coute et d\u2019\u00e9changes, o\u00f9 vous pourrez exprimer vos \u00e9motions librement et trouver les ressources n\u00e9cessaires pour avancer.<\/span><\/p>\t\t\t\t\t\t\t\t<\/div>\n\t\t\t\t<\/div>\n\t\t\t\t\t<\/div>\n\t\t\t\t<\/div>\n\t\t<div class=\"elementor-element elementor-element-273ee8a e-flex e-con-boxed e-con e-parent\" data-id=\"273ee8a\" data-element_type=\"container\" data-e-type=\"container\">\n\t\t\t\t\t<div class=\"e-con-inner\">\n\t\t\t\t<div class=\"elementor-element elementor-element-fd97bf6 elementor-widget-divider--separator-type-pattern elementor-widget-divider--view-line elementor-widget elementor-widget-divider\" data-id=\"fd97bf6\" data-element_type=\"widget\" data-e-type=\"widget\" data-widget_type=\"divider.default\">\n\t\t\t\t<div class=\"elementor-widget-container\">\n\t\t\t\t\t\t\t<div class=\"elementor-divider\" style=\"--divider-pattern-url: url(&quot;data:image\/svg+xml,%3Csvg xmlns=&#039;http:\/\/www.w3.org\/2000\/svg&#039; preserveAspectRatio=&#039;none&#039; overflow=&#039;visible&#039; height=&#039;100%&#039; viewBox=&#039;0 0 24 24&#039; fill=&#039;black&#039; stroke=&#039;none&#039;%3E%3Cpath d=&#039;M12.7,2.3c-0.4-0.4-1.1-0.4-1.5,0l-8,9.1c-0.3,0.4-0.3,0.9,0,1.2l8,9.1c0.4,0.4,1.1,0.4,1.5,0l8-9.1c0.3-0.4,0.3-0.9,0-1.2L12.7,2.3z&#039;\/%3E%3C\/svg%3E&quot;);\">\n\t\t\t<span class=\"elementor-divider-separator\">\n\t\t\t\t\t\t<\/span>\n\t\t<\/div>\n\t\t\t\t\t\t<\/div>\n\t\t\t\t<\/div>\n\t\t\t\t\t<\/div>\n\t\t\t\t<\/div>\n\t\t<div class=\"elementor-element elementor-element-e4596dc e-flex e-con-boxed e-con e-parent\" data-id=\"e4596dc\" data-element_type=\"container\" data-e-type=\"container\">\n\t\t\t\t\t<div class=\"e-con-inner\">\n\t\t\t\t<div class=\"elementor-element elementor-element-2d1bff6 elementor-widget elementor-widget-heading\" data-id=\"2d1bff6\" data-element_type=\"widget\" data-e-type=\"widget\" data-widget_type=\"heading.default\">\n\t\t\t\t<div class=\"elementor-widget-container\">\n\t\t\t\t\t<h2 class=\"elementor-heading-title elementor-size-default\">Modalit\u00e9s pratiques<\/h2>\t\t\t\t<\/div>\n\t\t\t\t<\/div>\n\t\t\t\t\t<\/div>\n\t\t\t\t<\/div>\n\t\t<div class=\"elementor-element elementor-element-987d389 e-flex e-con-boxed e-con e-parent\" data-id=\"987d389\" data-element_type=\"container\" data-e-type=\"container\">\n\t\t\t\t\t<div class=\"e-con-inner\">\n\t\t<div class=\"elementor-element elementor-element-479d4e1 e-con-full e-flex e-con e-child\" data-id=\"479d4e1\" data-element_type=\"container\" data-e-type=\"container\">\n\t\t\t\t<div class=\"elementor-element elementor-element-c2e7383 elementor-widget elementor-widget-image\" data-id=\"c2e7383\" data-element_type=\"widget\" data-e-type=\"widget\" data-widget_type=\"image.default\">\n\t\t\t\t<div class=\"elementor-widget-container\">\n\t\t\t\t\t\t\t\t\t\t\t\t\t\t\t<img decoding=\"async\" width=\"640\" height=\"958\" src=\"https:\/\/www.alinechague.fr\/wp-content\/uploads\/2025\/06\/ecoute-bienveillante-sante-mentale-a-besancon-768x1149.jpg\" class=\"attachment-medium_large size-medium_large wp-image-490\" alt=\"S\u00e9ance de consultation en face \u00e0 face dans le cabinet d\u2019Aline Chagu\u00e9, psychopraticienne \u00e0 Besan\u00e7on\" srcset=\"https:\/\/www.alinechague.fr\/wp-content\/uploads\/2025\/06\/ecoute-bienveillante-sante-mentale-a-besancon-768x1149.jpg 768w, https:\/\/www.alinechague.fr\/wp-content\/uploads\/2025\/06\/ecoute-bienveillante-sante-mentale-a-besancon-200x300.jpg 200w, https:\/\/www.alinechague.fr\/wp-content\/uploads\/2025\/06\/ecoute-bienveillante-sante-mentale-a-besancon-684x1024.jpg 684w, https:\/\/www.alinechague.fr\/wp-content\/uploads\/2025\/06\/ecoute-bienveillante-sante-mentale-a-besancon-1026x1536.jpg 1026w, https:\/\/www.alinechague.fr\/wp-content\/uploads\/2025\/06\/ecoute-bienveillante-sante-mentale-a-besancon-1368x2048.jpg 1368w, https:\/\/www.alinechague.fr\/wp-content\/uploads\/2025\/06\/ecoute-bienveillante-sante-mentale-a-besancon.jpg 1502w\" sizes=\"(max-width: 640px) 100vw, 640px\" \/>\t\t\t\t\t\t\t\t\t\t\t\t\t\t\t<\/div>\n\t\t\t\t<\/div>\n\t\t\t\t<\/div>\n\t\t<div class=\"elementor-element elementor-element-68e5cfd e-con-full e-flex e-con e-child\" data-id=\"68e5cfd\" data-element_type=\"container\" data-e-type=\"container\">\n\t\t\t\t<div class=\"elementor-element elementor-element-77f1bfb elementor-widget elementor-widget-text-editor\" data-id=\"77f1bfb\" data-element_type=\"widget\" data-e-type=\"widget\" data-widget_type=\"text-editor.default\">\n\t\t\t\t<div class=\"elementor-widget-container\">\n\t\t\t\t\t\t\t\t\t<p class=\"Normal tm9\"><span class=\"tm6\">Je vous re\u00e7ois dans mon cabinet \u00e0 Besan\u00e7on, 10 rue Pablo Picasso dans les locaux de l\u2019atelier des fabriques de BGE. Dans un environnement propice \u00e0 l\u2019\u00e9coute et au bien-\u00eatre, je vous accueille sur rendez-vous. <\/span><\/p><p class=\"Normal tm9\"><span class=\"tm6\">Situ\u00e9 \u00e0 proximit\u00e9 de l\u2019arr\u00eat de tramway Allende, le cabinet est facilement accessible et dispose d\u2019un acc\u00e8s pour Personnes \u00e0 Mobilit\u00e9 R\u00e9duite. <\/span><\/p><p class=\"Normal tm9\"><span class=\"tm6\">Pour r\u00e9pondre \u00e0 vos contraintes, je propose \u00e9galement des rendez-vous en visio. Cette option vous permet de b\u00e9n\u00e9ficier d\u2019un accompagnement o\u00f9 que vous soyez, dans un cadre pratique et confidentiel.<\/span><\/p>\t\t\t\t\t\t\t\t<\/div>\n\t\t\t\t<\/div>\n\t\t\t\t<\/div>\n\t\t\t\t\t<\/div>\n\t\t\t\t<\/div>\n\t\t<div class=\"elementor-element elementor-element-14b9bf2 e-flex e-con-boxed e-con e-parent\" data-id=\"14b9bf2\" data-element_type=\"container\" data-e-type=\"container\">\n\t\t\t\t\t<div class=\"e-con-inner\">\n\t\t\t\t<div class=\"elementor-element elementor-element-d1f3342 elementor-view-default elementor-widget elementor-widget-icon\" data-id=\"d1f3342\" data-element_type=\"widget\" data-e-type=\"widget\" data-widget_type=\"icon.default\">\n\t\t\t\t<div class=\"elementor-widget-container\">\n\t\t\t\t\t\t\t<div class=\"elementor-icon-wrapper\">\n\t\t\t<div class=\"elementor-icon\">\n\t\t\t<svg aria-hidden=\"true\" class=\"e-font-icon-svg e-fas-rainbow\" viewBox=\"0 0 576 512\" xmlns=\"http:\/\/www.w3.org\/2000\/svg\"><path d=\"M268.3 32.7C115.4 42.9 0 176.9 0 330.2V464c0 8.8 7.2 16 16 16h32c8.8 0 16-7.2 16-16V320C64 186.8 180.9 80.3 317.5 97.9 430.4 112.4 512 214 512 327.8V464c0 8.8 7.2 16 16 16h32c8.8 0 16-7.2 16-16V320c0-165.3-140-298.6-307.7-287.3zm-5.6 96.9C166 142 96 229.1 96 326.7V464c0 8.8 7.2 16 16 16h32c8.8 0 16-7.2 16-16V320c0-74.8 64.5-134.8 140.8-127.4 66.5 6.5 115.2 66.2 115.2 133.1V464c0 8.8 7.2 16 16 16h32c8.8 0 16-7.2 16-16V320c0-114.2-100.2-205.4-217.3-190.4zm6.2 96.3c-45.6 8.9-76.9 51.5-76.9 97.9V464c0 8.8 7.2 16 16 16h32c8.8 0 16-7.2 16-16V320c0-17.6 14.3-32 32-32s32 14.4 32 32v144c0 8.8 7.2 16 16 16h32c8.8 0 16-7.2 16-16V320c0-59.2-53.8-106-115.1-94.1z\"><\/path><\/svg>\t\t\t<\/div>\n\t\t<\/div>\n\t\t\t\t\t\t<\/div>\n\t\t\t\t<\/div>\n\t\t\t\t\t<\/div>\n\t\t\t\t<\/div>\n\t\t<div class=\"elementor-element elementor-element-d568ed2 e-flex e-con-boxed e-con e-parent\" data-id=\"d568ed2\" data-element_type=\"container\" data-e-type=\"container\">\n\t\t\t\t\t<div class=\"e-con-inner\">\n\t\t\t\t<div class=\"elementor-element elementor-element-41a9dc7 elementor-widget elementor-widget-heading\" data-id=\"41a9dc7\" data-element_type=\"widget\" data-e-type=\"widget\" data-widget_type=\"heading.default\">\n\t\t\t\t<div class=\"elementor-widget-container\">\n\t\t\t\t\t<h2 class=\"elementor-heading-title elementor-size-default\">Pourquoi me choisir comme accompagnante ?<\/h2>\t\t\t\t<\/div>\n\t\t\t\t<\/div>\n\t\t\t\t\t<\/div>\n\t\t\t\t<\/div>\n\t\t<div class=\"elementor-element elementor-element-07a62e7 e-flex e-con-boxed e-con e-parent\" data-id=\"07a62e7\" data-element_type=\"container\" data-e-type=\"container\">\n\t\t\t\t\t<div class=\"e-con-inner\">\n\t\t\t\t<div class=\"elementor-element elementor-element-01bad11 elementor-widget elementor-widget-text-editor\" data-id=\"01bad11\" data-element_type=\"widget\" data-e-type=\"widget\" data-widget_type=\"text-editor.default\">\n\t\t\t\t<div class=\"elementor-widget-container\">\n\t\t\t\t\t\t\t\t\t<p class=\"Normal tm9\"><strong><span class=\"tm6\">D\u00e9j\u00e0 une psychopraticienne, qu\u2019est-ce que c\u2019est ? <\/span><\/strong><\/p><p><span class=\"tm6\">C\u2019est une th\u00e9rapeute. Je suis form\u00e9e \u00e0 l\u2019accompagnement des personnes en souffrance. J\u2019ai une exp\u00e9rience professionnelle en psychiatrie et \u00e0 l\u2019entretien d\u2019aide des personnes en situation de fragilit\u00e9 psychologique et dans l\u2019accompagnement des pathologies mentales comme la d\u00e9pression, l\u2019addiction ou le trouble de personnalit\u00e9. <\/span><\/p><p><span class=\"tm6\"><strong>Ce sont des domaines que j\u2019ai explor\u00e9 en profondeur au cours de ma carri\u00e8re.<\/strong> Je n\u2019ai cess\u00e9 de me former durant mon exp\u00e9rience professionnelle, notamment avec le dipl\u00f4me universitaire d\u2019addictologie mais aussi avec les diff\u00e9rentes formations professionnelles que j\u2019ai pu faire, sans compter la meilleure formation qui soit : celle aupr\u00e8s des patients, qui m\u2019ont fait confiance toutes ces ann\u00e9es pour les accompagner dans leurs difficult\u00e9s. <\/span><\/p><p class=\"Normal tm9\"><span class=\"tm6\">Je souhaite vous offrir<strong> un accueil inconditionnel,<\/strong> un accompagnement et une disponibilit\u00e9 adapt\u00e9s, <strong>avec toute ma bienveillance et mon empathie, ma bonne humeur et ma patience. <\/strong><\/span><\/p>\t\t\t\t\t\t\t\t<\/div>\n\t\t\t\t<\/div>\n\t\t\t\t\t<\/div>\n\t\t\t\t<\/div>\n\t\t<div class=\"elementor-element elementor-element-dd8d288 e-flex e-con-boxed e-con e-parent\" data-id=\"dd8d288\" data-element_type=\"container\" data-e-type=\"container\">\n\t\t\t\t\t<div class=\"e-con-inner\">\n\t\t\t\t<div class=\"elementor-element elementor-element-bc10369 elementor-widget elementor-widget-heading\" data-id=\"bc10369\" data-element_type=\"widget\" data-e-type=\"widget\" data-widget_type=\"heading.default\">\n\t\t\t\t<div class=\"elementor-widget-container\">\n\t\t\t\t\t<h3 class=\"elementor-heading-title elementor-size-default\">Faire un pas vers votre bien-\u00eatre commence ici<\/h3>\t\t\t\t<\/div>\n\t\t\t\t<\/div>\n\t\t\t\t\t<\/div>\n\t\t\t\t<\/div>\n\t\t<div class=\"elementor-element elementor-element-6fd0d49 e-flex e-con-boxed e-con e-parent\" data-id=\"6fd0d49\" data-element_type=\"container\" data-e-type=\"container\">\n\t\t\t\t\t<div class=\"e-con-inner\">\n\t\t\t\t<div class=\"elementor-element elementor-element-af1ca3a elementor-button-info elementor-align-center elementor-widget elementor-widget-button\" data-id=\"af1ca3a\" data-element_type=\"widget\" data-e-type=\"widget\" data-widget_type=\"button.default\">\n\t\t\t\t<div class=\"elementor-widget-container\">\n\t\t\t\t\t\t\t\t\t<div class=\"elementor-button-wrapper\">\n\t\t\t\t\t<a class=\"elementor-button elementor-button-link elementor-size-sm\" href=\"https:\/\/www.resalib.fr\/praticien\/106860-aline-chague-psychopraticien-besancon\" target=\"_blank\">\n\t\t\t\t\t\t<span class=\"elementor-button-content-wrapper\">\n\t\t\t\t\t\t\t\t\t<span class=\"elementor-button-text\">Prendre rendez-vous<\/span>\n\t\t\t\t\t<\/span>\n\t\t\t\t\t<\/a>\n\t\t\t\t<\/div>\n\t\t\t\t\t\t\t\t<\/div>\n\t\t\t\t<\/div>\n\t\t\t\t\t<\/div>\n\t\t\t\t<\/div>\n\t\t\t\t<\/div>\n\t\t","protected":false},"excerpt":{"rendered":"<p>Accompagner votre chemin vers le mieux-\u00eatre Je m\u2019appelle Aline Chagu\u00e9 et je suis psychopraticienne sp\u00e9cialis\u00e9e en sant\u00e9 mentale et addictologie \u00e0 Besan\u00e7on. Forte de&#8230;<\/p>\n","protected":false},"author":1,"featured_media":0,"parent":0,"menu_order":0,"comment_status":"closed","ping_status":"closed","template":"","meta":{"footnotes":""},"class_list":["post-67","page","type-page","status-publish","hentry"],"yoast_head":"<!-- This site is optimized with the Yoast SEO plugin v27.2 - https:\/\/yoast.com\/product\/yoast-seo-wordpress\/ -->\n<title>Mon parcours de psychopraticienne \u00e0 Besan\u00e7on - Aline Chagu\u00e9<\/title>\n<meta name=\"description\" content=\"Avec 20 ans d\u2019exp\u00e9rience en sant\u00e9 mentale, Aline Chagu\u00e9 vous accompagne aujourd\u2019hui comme psychopraticienne \u00e0 Besan\u00e7on, dans une approche humaine et engag\u00e9e.\" \/>\n<meta name=\"robots\" content=\"index, follow, max-snippet:-1, max-image-preview:large, max-video-preview:-1\" \/>\n<link rel=\"canonical\" href=\"https:\/\/www.alinechague.fr\/index.php\/psychopraticienne-besancon-aline-chague\/\" \/>\n<meta property=\"og:locale\" content=\"en_US\" \/>\n<meta property=\"og:type\" content=\"article\" \/>\n<meta property=\"og:title\" content=\"Mon parcours de psychopraticienne \u00e0 Besan\u00e7on - Aline Chagu\u00e9\" \/>\n<meta property=\"og:description\" content=\"Avec 20 ans d\u2019exp\u00e9rience en sant\u00e9 mentale, Aline Chagu\u00e9 vous accompagne aujourd\u2019hui comme psychopraticienne \u00e0 Besan\u00e7on, dans une approche humaine et engag\u00e9e.\" \/>\n<meta property=\"og:url\" content=\"https:\/\/www.alinechague.fr\/index.php\/psychopraticienne-besancon-aline-chague\/\" \/>\n<meta property=\"og:site_name\" content=\"Aline Chagu\u00e9\" \/>\n<meta property=\"article:modified_time\" content=\"2025-07-02T13:01:37+00:00\" \/>\n<meta property=\"og:image\" content=\"http:\/\/www.alinechague.fr\/wp-content\/uploads\/2025\/06\/mal-etre-psychotherapie-non-jugement-besancon-768x1149.jpg\" \/>\n<meta name=\"twitter:card\" content=\"summary_large_image\" \/>\n<meta name=\"twitter:label1\" content=\"Est. reading time\" \/>\n\t<meta name=\"twitter:data1\" content=\"4 minutes\" \/>\n<script type=\"application\/ld+json\" class=\"yoast-schema-graph\">{\"@context\":\"https:\/\/schema.org\",\"@graph\":[{\"@type\":\"WebPage\",\"@id\":\"https:\/\/www.alinechague.fr\/index.php\/psychopraticienne-besancon-aline-chague\/\",\"url\":\"https:\/\/www.alinechague.fr\/index.php\/psychopraticienne-besancon-aline-chague\/\",\"name\":\"Mon parcours de psychopraticienne \u00e0 Besan\u00e7on - Aline Chagu\u00e9\",\"isPartOf\":{\"@id\":\"https:\/\/www.alinechague.fr\/#website\"},\"primaryImageOfPage\":{\"@id\":\"https:\/\/www.alinechague.fr\/index.php\/psychopraticienne-besancon-aline-chague\/#primaryimage\"},\"image\":{\"@id\":\"https:\/\/www.alinechague.fr\/index.php\/psychopraticienne-besancon-aline-chague\/#primaryimage\"},\"thumbnailUrl\":\"http:\/\/www.alinechague.fr\/wp-content\/uploads\/2025\/06\/mal-etre-psychotherapie-non-jugement-besancon-768x1149.jpg\",\"datePublished\":\"2025-05-27T12:48:01+00:00\",\"dateModified\":\"2025-07-02T13:01:37+00:00\",\"description\":\"Avec 20 ans d\u2019exp\u00e9rience en sant\u00e9 mentale, Aline Chagu\u00e9 vous accompagne aujourd\u2019hui comme psychopraticienne \u00e0 Besan\u00e7on, dans une approche humaine et engag\u00e9e.\",\"breadcrumb\":{\"@id\":\"https:\/\/www.alinechague.fr\/index.php\/psychopraticienne-besancon-aline-chague\/#breadcrumb\"},\"inLanguage\":\"en-US\",\"potentialAction\":[{\"@type\":\"ReadAction\",\"target\":[\"https:\/\/www.alinechague.fr\/index.php\/psychopraticienne-besancon-aline-chague\/\"]}]},{\"@type\":\"ImageObject\",\"inLanguage\":\"en-US\",\"@id\":\"https:\/\/www.alinechague.fr\/index.php\/psychopraticienne-besancon-aline-chague\/#primaryimage\",\"url\":\"http:\/\/www.alinechague.fr\/wp-content\/uploads\/2025\/06\/mal-etre-psychotherapie-non-jugement-besancon-768x1149.jpg\",\"contentUrl\":\"http:\/\/www.alinechague.fr\/wp-content\/uploads\/2025\/06\/mal-etre-psychotherapie-non-jugement-besancon-768x1149.jpg\"},{\"@type\":\"BreadcrumbList\",\"@id\":\"https:\/\/www.alinechague.fr\/index.php\/psychopraticienne-besancon-aline-chague\/#breadcrumb\",\"itemListElement\":[{\"@type\":\"ListItem\",\"position\":1,\"name\":\"Accueil\",\"item\":\"https:\/\/www.alinechague.fr\/\"},{\"@type\":\"ListItem\",\"position\":2,\"name\":\"Mon parcours de psychopraticienne \u00e0 Besan\u00e7on\"}]},{\"@type\":\"WebSite\",\"@id\":\"https:\/\/www.alinechague.fr\/#website\",\"url\":\"https:\/\/www.alinechague.fr\/\",\"name\":\"Aline Chagu\u00e9 - Psychopraticienne \u00e0 Besan\u00e7on\",\"description\":\"Psychopraticienne\",\"publisher\":{\"@id\":\"https:\/\/www.alinechague.fr\/#\/schema\/person\/30b5e4312cd21710a358ee2f45152f73\"},\"potentialAction\":[{\"@type\":\"SearchAction\",\"target\":{\"@type\":\"EntryPoint\",\"urlTemplate\":\"https:\/\/www.alinechague.fr\/?s={search_term_string}\"},\"query-input\":{\"@type\":\"PropertyValueSpecification\",\"valueRequired\":true,\"valueName\":\"search_term_string\"}}],\"inLanguage\":\"en-US\"},{\"@type\":[\"Person\",\"Organization\"],\"@id\":\"https:\/\/www.alinechague.fr\/#\/schema\/person\/30b5e4312cd21710a358ee2f45152f73\",\"name\":\"admin6596\",\"image\":{\"@type\":\"ImageObject\",\"inLanguage\":\"en-US\",\"@id\":\"https:\/\/www.alinechague.fr\/wp-content\/uploads\/2025\/05\/cropped-Logo-noir.png\",\"url\":\"https:\/\/www.alinechague.fr\/wp-content\/uploads\/2025\/05\/cropped-Logo-noir.png\",\"contentUrl\":\"https:\/\/www.alinechague.fr\/wp-content\/uploads\/2025\/05\/cropped-Logo-noir.png\",\"width\":512,\"height\":512,\"caption\":\"admin6596\"},\"logo\":{\"@id\":\"https:\/\/www.alinechague.fr\/wp-content\/uploads\/2025\/05\/cropped-Logo-noir.png\"},\"sameAs\":[\"http:\/\/www.alinechague.fr\"]}]}<\/script>\n<!-- \/ Yoast SEO plugin. -->","yoast_head_json":{"title":"Mon parcours de psychopraticienne \u00e0 Besan\u00e7on - Aline Chagu\u00e9","description":"Avec 20 ans d\u2019exp\u00e9rience en sant\u00e9 mentale, Aline Chagu\u00e9 vous accompagne aujourd\u2019hui comme psychopraticienne \u00e0 Besan\u00e7on, dans une approche humaine et engag\u00e9e.","robots":{"index":"index","follow":"follow","max-snippet":"max-snippet:-1","max-image-preview":"max-image-preview:large","max-video-preview":"max-video-preview:-1"},"canonical":"https:\/\/www.alinechague.fr\/index.php\/psychopraticienne-besancon-aline-chague\/","og_locale":"en_US","og_type":"article","og_title":"Mon parcours de psychopraticienne \u00e0 Besan\u00e7on - Aline Chagu\u00e9","og_description":"Avec 20 ans d\u2019exp\u00e9rience en sant\u00e9 mentale, Aline Chagu\u00e9 vous accompagne aujourd\u2019hui comme psychopraticienne \u00e0 Besan\u00e7on, dans une approche humaine et engag\u00e9e.","og_url":"https:\/\/www.alinechague.fr\/index.php\/psychopraticienne-besancon-aline-chague\/","og_site_name":"Aline Chagu\u00e9","article_modified_time":"2025-07-02T13:01:37+00:00","og_image":[{"url":"http:\/\/www.alinechague.fr\/wp-content\/uploads\/2025\/06\/mal-etre-psychotherapie-non-jugement-besancon-768x1149.jpg","type":"","width":"","height":""}],"twitter_card":"summary_large_image","twitter_misc":{"Est. reading time":"4 minutes"},"schema":{"@context":"https:\/\/schema.org","@graph":[{"@type":"WebPage","@id":"https:\/\/www.alinechague.fr\/index.php\/psychopraticienne-besancon-aline-chague\/","url":"https:\/\/www.alinechague.fr\/index.php\/psychopraticienne-besancon-aline-chague\/","name":"Mon parcours de psychopraticienne \u00e0 Besan\u00e7on - Aline Chagu\u00e9","isPartOf":{"@id":"https:\/\/www.alinechague.fr\/#website"},"primaryImageOfPage":{"@id":"https:\/\/www.alinechague.fr\/index.php\/psychopraticienne-besancon-aline-chague\/#primaryimage"},"image":{"@id":"https:\/\/www.alinechague.fr\/index.php\/psychopraticienne-besancon-aline-chague\/#primaryimage"},"thumbnailUrl":"http:\/\/www.alinechague.fr\/wp-content\/uploads\/2025\/06\/mal-etre-psychotherapie-non-jugement-besancon-768x1149.jpg","datePublished":"2025-05-27T12:48:01+00:00","dateModified":"2025-07-02T13:01:37+00:00","description":"Avec 20 ans d\u2019exp\u00e9rience en sant\u00e9 mentale, Aline Chagu\u00e9 vous accompagne aujourd\u2019hui comme psychopraticienne \u00e0 Besan\u00e7on, dans une approche humaine et engag\u00e9e.","breadcrumb":{"@id":"https:\/\/www.alinechague.fr\/index.php\/psychopraticienne-besancon-aline-chague\/#breadcrumb"},"inLanguage":"en-US","potentialAction":[{"@type":"ReadAction","target":["https:\/\/www.alinechague.fr\/index.php\/psychopraticienne-besancon-aline-chague\/"]}]},{"@type":"ImageObject","inLanguage":"en-US","@id":"https:\/\/www.alinechague.fr\/index.php\/psychopraticienne-besancon-aline-chague\/#primaryimage","url":"http:\/\/www.alinechague.fr\/wp-content\/uploads\/2025\/06\/mal-etre-psychotherapie-non-jugement-besancon-768x1149.jpg","contentUrl":"http:\/\/www.alinechague.fr\/wp-content\/uploads\/2025\/06\/mal-etre-psychotherapie-non-jugement-besancon-768x1149.jpg"},{"@type":"BreadcrumbList","@id":"https:\/\/www.alinechague.fr\/index.php\/psychopraticienne-besancon-aline-chague\/#breadcrumb","itemListElement":[{"@type":"ListItem","position":1,"name":"Accueil","item":"https:\/\/www.alinechague.fr\/"},{"@type":"ListItem","position":2,"name":"Mon parcours de psychopraticienne \u00e0 Besan\u00e7on"}]},{"@type":"WebSite","@id":"https:\/\/www.alinechague.fr\/#website","url":"https:\/\/www.alinechague.fr\/","name":"Aline Chagu\u00e9 - Psychopraticienne \u00e0 Besan\u00e7on","description":"Psychopraticienne","publisher":{"@id":"https:\/\/www.alinechague.fr\/#\/schema\/person\/30b5e4312cd21710a358ee2f45152f73"},"potentialAction":[{"@type":"SearchAction","target":{"@type":"EntryPoint","urlTemplate":"https:\/\/www.alinechague.fr\/?s={search_term_string}"},"query-input":{"@type":"PropertyValueSpecification","valueRequired":true,"valueName":"search_term_string"}}],"inLanguage":"en-US"},{"@type":["Person","Organization"],"@id":"https:\/\/www.alinechague.fr\/#\/schema\/person\/30b5e4312cd21710a358ee2f45152f73","name":"admin6596","image":{"@type":"ImageObject","inLanguage":"en-US","@id":"https:\/\/www.alinechague.fr\/wp-content\/uploads\/2025\/05\/cropped-Logo-noir.png","url":"https:\/\/www.alinechague.fr\/wp-content\/uploads\/2025\/05\/cropped-Logo-noir.png","contentUrl":"https:\/\/www.alinechague.fr\/wp-content\/uploads\/2025\/05\/cropped-Logo-noir.png","width":512,"height":512,"caption":"admin6596"},"logo":{"@id":"https:\/\/www.alinechague.fr\/wp-content\/uploads\/2025\/05\/cropped-Logo-noir.png"},"sameAs":["http:\/\/www.alinechague.fr"]}]}},"jetpack_sharing_enabled":true,"_links":{"self":[{"href":"https:\/\/www.alinechague.fr\/index.php\/wp-json\/wp\/v2\/pages\/67","targetHints":{"allow":["GET"]}}],"collection":[{"href":"https:\/\/www.alinechague.fr\/index.php\/wp-json\/wp\/v2\/pages"}],"about":[{"href":"https:\/\/www.alinechague.fr\/index.php\/wp-json\/wp\/v2\/types\/page"}],"author":[{"embeddable":true,"href":"https:\/\/www.alinechague.fr\/index.php\/wp-json\/wp\/v2\/users\/1"}],"replies":[{"embeddable":true,"href":"https:\/\/www.alinechague.fr\/index.php\/wp-json\/wp\/v2\/comments?post=67"}],"version-history":[{"count":155,"href":"https:\/\/www.alinechague.fr\/index.php\/wp-json\/wp\/v2\/pages\/67\/revisions"}],"predecessor-version":[{"id":566,"href":"https:\/\/www.alinechague.fr\/index.php\/wp-json\/wp\/v2\/pages\/67\/revisions\/566"}],"wp:attachment":[{"href":"https:\/\/www.alinechague.fr\/index.php\/wp-json\/wp\/v2\/media?parent=67"}],"curies":[{"name":"wp","href":"https:\/\/api.w.org\/{rel}","templated":true}]}}